{"id":1398,"date":"2011-05-18T06:38:33","date_gmt":"2011-05-18T06:38:33","guid":{"rendered":"http:\/\/localhost:8888\/wordpress\/?page_id=4"},"modified":"2018-07-19T11:41:03","modified_gmt":"2018-07-19T09:41:03","slug":"musee-israel-jerusalem","status":"publish","type":"page","link":"https:\/\/www.associationafmi.com\/fr\/musee-israel-jerusalem\/","title":{"rendered":"Le Mus\u00e9e d&rsquo;Isra\u00ebl \u00e0 J\u00e9rusalem"},"content":{"rendered":"<div class=\"wpb-content-wrapper\"><p>[vc_row dfd_row_responsive_enable=\u00a0\u00bbdfd-row-responsive-enable\u00a0\u00bb css=\u00a0\u00bb.vc_custom_1528276325835{padding-right: 300px !important;padding-left: 300px !important;}\u00a0\u00bb responsive_styles=\u00a0\u00bbpadding_left_mobile:10|padding_right_mobile:10&Prime;][vc_column css=\u00a0\u00bb.vc_custom_1527582087916{padding-top: 50px !important;padding-bottom: 50px !important;}\u00a0\u00bb col_shadow=\u00a0\u00bbbox_shadow_enable:disable|shadow_horizontal:0|shadow_vertical:15|shadow_blur:50|shadow_spread:0|box_shadow_color:rgba(0%2C0%2C0%2C0.35)\u00a0\u00bb col_shadow_hover=\u00a0\u00bbbox_shadow_enable:disable|shadow_horizontal:0|shadow_vertical:15|shadow_blur:50|shadow_spread:0|box_shadow_color:rgba(0%2C0%2C0%2C0.35)\u00a0\u00bb][dfd_heading subtitle=\u00a0\u00bb\u00a0\u00bb enable_delimiter=\u00a0\u00bb\u00a0\u00bb undefined=\u00a0\u00bb\u00a0\u00bb title_font_options=\u00a0\u00bbtag:h1|font_size:30|line_height:35|letter_spacing:1&Prime; subtitle_font_options=\u00a0\u00bbtag:div\u00a0\u00bb]Le Mus\u00e9e d&rsquo;Isra\u00ebl[\/dfd_heading][vc_row_inner css=\u00a0\u00bb.vc_custom_1531930910135{padding-top: 10px !important;padding-bottom: 40px !important;}\u00a0\u00bb][vc_column_inner][dfd_videoplayer video_link=\u00a0\u00bbhttps:\/\/www.youtube.com\/watch?v=tET_2WHYqPQ\u00a0\u00bb main_style=\u00a0\u00bbstyle-1&Prime;][\/vc_column_inner][\/vc_row_inner][dfd_heading subtitle=\u00a0\u00bb\u00a0\u00bb enable_delimiter=\u00a0\u00bb\u00a0\u00bb undefined=\u00a0\u00bb\u00a0\u00bb title_font_options=\u00a0\u00bbtag:h2|font_size:20|line_height:35|letter_spacing:1&Prime; subtitle_font_options=\u00a0\u00bbtag:div\u00a0\u00bb]Le Mus\u00e9e d\u2019Isra\u00ebl situ\u00e9 \u00e0 J\u00e9rusalem fait aujourd\u2019hui partie des plus importants mus\u00e9es du monde par sa taille et par la richesse de ses collections.[\/dfd_heading][vc_column_text]<\/p>\n<p style=\"text-align: center;\"><a href=\"http:\/\/www.imj.org.il\/en\" target=\"_blank\" rel=\"noopener\">&gt; D\u00e9couvrir le site du mus\u00e9e.<\/a><\/p>\n<p style=\"text-align: center;\"><strong>MUSEE D&rsquo;ISRAEL<br \/>\n11\u2028 Ruppin Boulevard<\/strong><br \/>\npr\u00e8s de la Knesset (Parlement Isra\u00e9lien)<br \/>\n91710\u00a0JERUSALEM<br \/>\nTel: 972-2-670-8811\u2028\u00a0 \u00a0 Fax: 972-2-677-1332[\/vc_column_text][\/vc_column][\/vc_row][vc_row dfd_row_responsive_enable=\u00a0\u00bbdfd-row-responsive-enable\u00a0\u00bb css=\u00a0\u00bb.vc_custom_1531930155340{padding-right: 200px !important;padding-bottom: 100px !important;padding-left: 200px !important;}\u00a0\u00bb responsive_styles=\u00a0\u00bbpadding_top_mobile:10|padding_bottom_mobile:10|padding_left_mobile:10|padding_right_mobile:10&Prime;][vc_column width=\u00a0\u00bb1\/2&Prime;][dfd_heading subtitle=\u00a0\u00bb\u00a0\u00bb content_alignment=\u00a0\u00bbtext-left\u00a0\u00bb enable_delimiter=\u00a0\u00bb\u00a0\u00bb undefined=\u00a0\u00bb\u00a0\u00bb title_font_options=\u00a0\u00bbtag:h3|font_size:15|letter_spacing:1&Prime; title_google_fonts=\u00a0\u00bbyes\u00a0\u00bb title_custom_fonts=\u00a0\u00bbfont_family:Roboto%3A100%2C100italic%2C300%2C300italic%2Cregular%2Citalic%2C500%2C500italic%2C700%2C700italic%2C900%2C900italic|font_style:100%20light%20regular%3A100%3Anormal\u00a0\u00bb subtitle_font_options=\u00a0\u00bbtag:div\u00a0\u00bb]Cr\u00e9ation du mus\u00e9e en 1965[\/dfd_heading][vc_column_text]<\/p>\n<p class=\"p1\">Le Mus\u00e9e d\u2019Isra\u00ebl, c&rsquo;est :<\/p>\n<ul>\n<li class=\"p1\">son site en face de la Knesset (le parlement isra\u00e9lien), splendide par son environnement naturel et urbain,<\/li>\n<li class=\"p1\">son parc \u00ab Billy Rose \u00bb de sculptures exceptionnelles de qualit\u00e9, notamment un merveilleux \u00ab Henry Moore \u00bb,<\/li>\n<li class=\"p1\">son architecture fonctionnelle, d\u2019une esth\u00e9tique alliant classicisme et modernisme, jouant avec la lumi\u00e8re de J\u00e9rusalem,<\/li>\n<li class=\"p1\">son projet culturel \u00e0 la fois national isra\u00e9lien et international. C\u2019est le Mus\u00e9e d\u2019Isra\u00ebl pour le monde et le Mus\u00e9e du Monde pour Isra\u00ebl,<\/li>\n<li class=\"p1\">son ambition multidisciplinaire de l\u2019arch\u00e9ologie \u00e0 l\u2019art contemporain,<\/li>\n<li class=\"p1\">la richesse de ses collections : 550 000 objets,<\/li>\n<li class=\"p1\">l\u2019une des plus grandes collections de \u00ab Juda\u00efca \u00bb du monde.<\/li>\n<\/ul>\n<p>[\/vc_column_text][\/vc_column][vc_column width=\u00a0\u00bb1\/2&Prime;][dfd_spacer screen_wide_spacer_size=\u00a0\u00bb70&Prime; screen_normal_resolution=\u00a0\u00bb1024&Prime; screen_tablet_resolution=\u00a0\u00bb800&Prime; screen_mobile_resolution=\u00a0\u00bb480&Prime;][dfd_single_image image=\u00a0\u00bb2170&Prime;][\/vc_column][\/vc_row][vc_row dfd_row_responsive_enable=\u00a0\u00bbdfd-row-responsive-enable\u00a0\u00bb css=\u00a0\u00bb.vc_custom_1531930343523{padding-top: 50px !important;padding-right: 200px !important;padding-bottom: 50px !important;padding-left: 200px !important;}\u00a0\u00bb responsive_styles=\u00a0\u00bbpadding_top_mobile:10|padding_bottom_mobile:10|padding_left_mobile:10|padding_right_mobile:10&Prime;][vc_column width=\u00a0\u00bb1\/2&Prime;][dfd_single_image enable_retina=\u00a0\u00bb\u00a0\u00bb image=\u00a0\u00bb2288&Prime;][\/vc_column][vc_column width=\u00a0\u00bb1\/2&Prime;][dfd_heading subtitle=\u00a0\u00bb\u00a0\u00bb content_alignment=\u00a0\u00bbtext-left\u00a0\u00bb enable_delimiter=\u00a0\u00bb\u00a0\u00bb undefined=\u00a0\u00bb\u00a0\u00bb title_font_options=\u00a0\u00bbtag:h3|font_size:15|letter_spacing:1&Prime; title_google_fonts=\u00a0\u00bbyes\u00a0\u00bb title_custom_fonts=\u00a0\u00bbfont_family:Roboto%3A100%2C100italic%2C300%2C300italic%2Cregular%2Citalic%2C500%2C500italic%2C700%2C700italic%2C900%2C900italic|font_style:100%20light%20regular%3A100%3Anormal\u00a0\u00bb subtitle_font_options=\u00a0\u00bbtag:div\u00a0\u00bb]Deux ans de travaux et un investissement de cent millions de dollars[\/dfd_heading][vc_column_text]Il a f\u00eat\u00e9 en 2010, son 45\u00e8me anniversaire, apr\u00e8s deux ans de travaux et un investissement de cent millions de dollars.<\/p>\n<p>Ces travaux qui ont r\u00e9nov\u00e9 l\u2019\u0153uvre initiale des grands architectes Alfred MANSFELD et Dora GAD ont \u00e9t\u00e9 con\u00e7us par James CARPENTER, PENTAGRAM (Londres) et Efrat KOWALSKY.<\/p>\n<p>8 600 m2 de nouvelles constructions et 21 500 m2 d\u2019agrandissements ont port\u00e9 l\u2019ensemble de la surface d\u2019exposition \u00e0 54 000 m2 et celle du campus \u00e0 80 000 m2.[\/vc_column_text][\/vc_column][\/vc_row][vc_row dfd_row_responsive_enable=\u00a0\u00bbdfd-row-responsive-enable\u00a0\u00bb css=\u00a0\u00bb.vc_custom_1531930356837{padding-top: 50px !important;padding-right: 200px !important;padding-bottom: 100px !important;padding-left: 200px !important;}\u00a0\u00bb responsive_styles=\u00a0\u00bbpadding_top_mobile:10|padding_bottom_mobile:10|padding_left_mobile:10|padding_right_mobile:10&Prime;][vc_column width=\u00a0\u00bb1\/2&Prime;][dfd_heading subtitle=\u00a0\u00bb\u00a0\u00bb content_alignment=\u00a0\u00bbtext-left\u00a0\u00bb enable_delimiter=\u00a0\u00bb\u00a0\u00bb undefined=\u00a0\u00bb\u00a0\u00bb title_font_options=\u00a0\u00bbtag:h3|font_size:15|letter_spacing:1&Prime; title_google_fonts=\u00a0\u00bbyes\u00a0\u00bb title_custom_fonts=\u00a0\u00bbfont_family:Roboto%3A100%2C100italic%2C300%2C300italic%2Cregular%2Citalic%2C500%2C500italic%2C700%2C700italic%2C900%2C900italic|font_style:100%20light%20regular%3A100%3Anormal\u00a0\u00bb subtitle_font_options=\u00a0\u00bbtag:div\u00a0\u00bb]Un m\u00e9c\u00e9nat collectif[\/dfd_heading][vc_column_text]Le campus r\u00e9nov\u00e9 pr\u00e9sente \u00e9galement deux \u0153uvres monumentales commandit\u00e9es par le Mus\u00e9e et particuli\u00e8rement adapt\u00e9es au paysage et \u00e0 l\u2019architecture du Mus\u00e9e :<\/p>\n<ul>\n<li>Whenever the rainbow appears (\u201cQuand para\u00eet l\u2019arc-en-ciel\u201d) d\u2019Olafur Eliasson, \u0153uvre de deux m\u00e8tres sur trois consistant en 360 toiles et install\u00e9e au bout du nouveau passage couvert,<\/li>\n<li>et Turning the World Upside Down, Jerusalem (\u201cLe monde \u00e0 l\u2019envers, J\u00e9rusalem\u201d) de Anish Kapoor, sculpture haute de cinq m\u00e8tres en acier inoxydable poli, qui se dresse sur l\u2019Esplanade Crown, au sommet du campus.<\/li>\n<\/ul>\n<p>Ces deux \u0153uvres monumentales concordent avec le paysage et la nouvelle architecture du Mus\u00e9e, et poursuivent sa longue tradition de collaboration in situ avec des artistes contemporains.[\/vc_column_text][\/vc_column][vc_column width=\u00a0\u00bb1\/2&Prime;][dfd_spacer screen_wide_spacer_size=\u00a0\u00bb30&Prime; screen_normal_resolution=\u00a0\u00bb1024&Prime; screen_tablet_resolution=\u00a0\u00bb800&Prime; screen_mobile_resolution=\u00a0\u00bb480&Prime;][dfd_single_image enable_retina=\u00a0\u00bb\u00a0\u00bb image=\u00a0\u00bb2168&Prime;][\/vc_column][\/vc_row][vc_row dfd_row_responsive_enable=\u00a0\u00bbdfd-row-responsive-enable\u00a0\u00bb css=\u00a0\u00bb.vc_custom_1528275082040{padding-right: 200px !important;padding-left: 200px !important;}\u00a0\u00bb responsive_styles=\u00a0\u00bbpadding_left_mobile:10|padding_right_mobile:10&Prime;][vc_column][dfd_spacer screen_wide_spacer_size=\u00a0\u00bb30&Prime; screen_normal_resolution=\u00a0\u00bb1024&Prime; screen_tablet_resolution=\u00a0\u00bb800&Prime; screen_mobile_resolution=\u00a0\u00bb480&Prime;][dfd_single_image enable_retina=\u00a0\u00bb\u00a0\u00bb image=\u00a0\u00bb2284&Prime;][dfd_spacer screen_wide_spacer_size=\u00a0\u00bb60&Prime; screen_normal_resolution=\u00a0\u00bb1024&Prime; screen_tablet_resolution=\u00a0\u00bb800&Prime; screen_mobile_resolution=\u00a0\u00bb480&Prime;][dfd_heading subtitle=\u00a0\u00bb\u00a0\u00bb enable_delimiter=\u00a0\u00bb\u00a0\u00bb undefined=\u00a0\u00bb\u00a0\u00bb title_font_options=\u00a0\u00bbtag:h3|font_size:15|letter_spacing:1&Prime; title_google_fonts=\u00a0\u00bbyes\u00a0\u00bb title_custom_fonts=\u00a0\u00bbfont_family:Roboto%3A100%2C100italic%2C300%2C300italic%2Cregular%2Citalic%2C500%2C500italic%2C700%2C700italic%2C900%2C900italic|font_style:100%20light%20regular%3A100%3Anormal\u00a0\u00bb subtitle_font_options=\u00a0\u00bbtag:div\u00a0\u00bb]De l&rsquo;arch\u00e9ologie \u00e0 l&rsquo;art contemporain&#8230;[\/dfd_heading][dfd_spacer screen_wide_spacer_size=\u00a0\u00bb10&Prime; screen_normal_resolution=\u00a0\u00bb1024&Prime; screen_tablet_resolution=\u00a0\u00bb800&Prime; screen_mobile_resolution=\u00a0\u00bb480&Prime;][vc_column_text]Le Mus\u00e9e comprend :<\/p>\n<ul>\n<li>outre le b\u00e2timent sp\u00e9cialement construit pour abriter les manuscrits de la Mer Morte, les plus anciens documents bibliques connus datant du 1er si\u00e8cle avant J\u00e9sus Christ,<\/li>\n<li>des jardins, le Billy Rose Art Garden, dans lesquels sont expos\u00e9es une maquette de la J\u00e9rusalem du Second Temple mais \u00e9galement des sculptures d&rsquo;artistes de renom de la fin du 19\u00e8me si\u00e8cle (Auguste Rodin, Emile-Antoine Bourdelle, et Aristide Maillol) et du 20\u00e8me si\u00e8cle (Pablo Picasso, Alexander Archipenko, Jacques Lipchitz, Henry Moore, David Smith, Sol LeWitt, Donald Judd, Claes Oldenburg, Magdalena Abakanowicz, Richard Serra, Joel Shapiro, et James Turrell). Menashe Kadishman, Igael Tumarkin, Ezra Orion, and Benni Efrat sont certains des pro\u00e9minents artistes isra\u00ealien repr\u00e9sent\u00e9s,<\/li>\n<li>cinq ailes distinctes qui poss\u00e8dent des caract\u00e9ristiques uniques.<\/li>\n<\/ul>\n<p>Son aile arch\u00e9ologique retrace l\u2019histoire de la terre d\u2019Isra\u00ebl depuis le n\u00e9olithique jusqu\u2019\u00e0 l\u2019Empire Ottoman, expose des objets de fouille passionnants tant par leur esth\u00e9tique que leur dimension historique.<\/p>\n<p>Ses d\u00e9partements d\u2019art pr\u00e9colombien, asiatique, africain sont consid\u00e9r\u00e9s comme de niveau enviable par les connaisseurs.<br \/>\nSon aile consacr\u00e9e \u00e0 la culture et \u00e0 l&rsquo;art juifs, expose notamment des synagogues anciennes des quatre continents, transport\u00e9es \u00e0 J\u00e9rusalem et reconstitu\u00e9es \u00ab pierre par pierre \u00bb dans toute leur splendeur.<\/p>\n<p>Son aile Bella and Harry Wexner consacr\u00e9e aux expositions temporaires.<\/p>\n<p>Sa \u00ab Youth Wing \u00bb, une aile sp\u00e9ciale con\u00e7ue et d\u00e9di\u00e9e aux jeunes, permet aux jeunes isra\u00e9liens de toutes origines et de toutes confessions, chr\u00e9tiens, musulmans, juifs, de s\u2019initier ensemble \u00e0 l\u2019Art.<\/p>\n<ul>\n<li>Son aile Edmond et Lilly SAFRA, beaux arts, est divis\u00e9e en dix d\u00e9partements :<br \/>\nun d\u00e9partement consacr\u00e9 \u00e0 l\u2019art isra\u00e9lien (repr\u00e9sent\u00e9 notamment par les artistes tels que Yossef Zaritsky, Yehezkel Streichman, Arie Aroch oshe Kupferman, Michael Gross, Igael Tumarkin, et Raffi Lavie) est \u00e9videmment bien pr\u00e9sent\u00e9 dans sa richesse et sa vari\u00e9t\u00e9, ainsi que des d\u00e9partements consacr\u00e9s \u00e0 l&rsquo;art asiatique, oc\u00e9anique, des Am\u00e9riques et africain,<\/li>\n<li>un d\u00e9partement d\u00e9di\u00e9 \u00e0 l&rsquo;art europ\u00e9en englobant les p\u00e9riodes d&rsquo;artistes allant du 15\u00e8me au 19\u00e8me si\u00e8cle; les visiteurs pourront y voir des oeuvres majeures de Nicolas Poussin Peter Paul Rubens, Rembrandt, ainsi que celles d&rsquo;artistes hollandais: Cuyps, Jan Victors, Pieter Lastman, l&rsquo;\u00e9cole de Hieronymus Bosch, Anthony van Dyck, d&rsquo;artistes italiens: Bernardo Strozzi et Bartolomeo Bettera; d&rsquo;artistes fran\u00e7ais: Dominique Ingres, d&rsquo;artistes allemands: Lucas Cranach, d&rsquo;artistes espagnols: Jusepe de Ribera, d&rsquo;artistes anglais: Thomas Lawrence et George Romney,<\/li>\n<li>un d\u00e9partement d\u2019Art Moderne donne la possibilit\u00e9 aux visiteurs d\u2019admirer de tr\u00e8s nombreux chefs-d\u2019\u0153uvre, notamment impressionnistes, cubistes, surr\u00e9alistes; y sont expos\u00e9es des oeuvres de Claude Monet, Auguste Renoir, Alfred Sisley, Paul C\u00e9zanne, Paul Gauguin, Vincent van Gogh, Camille Pissarro, Pablo Picasso, Marcel Duchamp, Man Ray,<\/li>\n<li>un d\u00e9partement d\u2019Art Contemporain qui occupe 10 % des surfaces d\u2019exposition, en fait l\u2019un des plus importants mus\u00e9es du monde dans ce domaine; y sont notamment pr\u00e9sents les oeuvres des artistes suivants: Agnes Martin, Eva Hesse, Robert Mangold, Dan Flavin, Robert Ryman, John Baldessari, Anselm Kiefer, Giulio Paolini, Ed Ruscha, Vito Acconci, Antony Gormley, Rodney Graham, Hans Haacke, Charles Ray, Bill Viola, Jeff Wall, Stephan Balkenhol, Fischli &amp; Weiss, Robert Gober, Andreas Gursky, Mona Hatoum, Damien Hirst, William Kentridge, Annette Messager, Mariko Mori, Yinka Shonibare, Mark Wallinger, Christian Boltanski, Braco Dimitrijevic, Mario Merz, Joel Shapiro, Kiki Smith, Rosemarie Trockel, Joseph Kosuth, Roy Lichtenstein et Gerhard Richter,<\/li>\n<li>un d\u00e9partement d\u00e9di\u00e9 au design et \u00e0 l&rsquo;architecture montre notamment des dessins d&rsquo;Erich Mendelsohn; une collection retrace notamment l&rsquo;histoire des chaises de Charles Eames \u00e0 Frank Gehry, et des verres, c\u00e9ramiques et meubles d&rsquo;Ettore Sottsass.<\/li>\n<\/ul>\n<p>[\/vc_column_text][dfd_spacer screen_wide_spacer_size=\u00a0\u00bb60&Prime; screen_normal_resolution=\u00a0\u00bb1024&Prime; screen_tablet_resolution=\u00a0\u00bb800&Prime; screen_mobile_resolution=\u00a0\u00bb480&Prime;][dfd_single_image enable_retina=\u00a0\u00bb\u00a0\u00bb image=\u00a0\u00bb2290&Prime;][\/vc_column][\/vc_row]<\/p>\n<\/div>","protected":false},"excerpt":{"rendered":"<p>Le Mus\u00e9e d\u2019Isra\u00ebl situ\u00e9 \u00e0 J\u00e9rusalem fait aujourd\u2019hui partie des plus importants mus\u00e9es du monde par sa taille et par la richesse de ses collections<\/p>\n","protected":false},"author":1,"featured_media":0,"parent":0,"menu_order":3,"comment_status":"open","ping_status":"open","template":"","meta":{"footnotes":""},"class_list":["post-1398","page","type-page","status-publish","hentry"],"yoast_head":"<!-- This site is optimized with the Yoast SEO plugin v27.0 - https:\/\/yoast.com\/product\/yoast-seo-wordpress\/ -->\n<title>Le Mus\u00e9e d&#039;Isra\u00ebl \u00e0 J\u00e9rusalem - Association des Amis Fran\u00e7ais du Mus\u00e9e d&#039;Isra\u00ebll<\/title>\n<meta name=\"robots\" content=\"index, follow, max-snippet:-1, max-image-preview:large, max-video-preview:-1\" \/>\n<link rel=\"canonical\" href=\"https:\/\/www.associationafmi.com\/fr\/musee-israel-jerusalem\/\" \/>\n<meta property=\"og:locale\" content=\"fr_FR\" \/>\n<meta property=\"og:type\" content=\"article\" \/>\n<meta property=\"og:title\" content=\"Le Mus\u00e9e d&#039;Isra\u00ebl \u00e0 J\u00e9rusalem - Association des Amis Fran\u00e7ais du Mus\u00e9e d&#039;Isra\u00ebll\" \/>\n<meta property=\"og:description\" content=\"Le Mus\u00e9e d\u2019Isra\u00ebl situ\u00e9 \u00e0 J\u00e9rusalem fait aujourd\u2019hui partie des plus importants mus\u00e9es du monde par sa taille et par la richesse de ses collections\" \/>\n<meta property=\"og:url\" content=\"https:\/\/www.associationafmi.com\/fr\/musee-israel-jerusalem\/\" \/>\n<meta property=\"og:site_name\" content=\"Association des Amis Fran\u00e7ais du Mus\u00e9e d&#039;Isra\u00ebll\" \/>\n<meta property=\"article:modified_time\" content=\"2018-07-19T09:41:03+00:00\" \/>\n<meta name=\"twitter:card\" content=\"summary_large_image\" \/>\n<meta name=\"twitter:label1\" content=\"Dur\u00e9e de lecture estim\u00e9e\" \/>\n\t<meta name=\"twitter:data1\" content=\"9 minutes\" \/>\n<script type=\"application\/ld+json\" class=\"yoast-schema-graph\">{\"@context\":\"https:\/\/schema.org\",\"@graph\":[{\"@type\":\"WebPage\",\"@id\":\"https:\/\/www.associationafmi.com\/fr\/musee-israel-jerusalem\/\",\"url\":\"https:\/\/www.associationafmi.com\/fr\/musee-israel-jerusalem\/\",\"name\":\"Le Mus\u00e9e d'Isra\u00ebl \u00e0 J\u00e9rusalem - Association des Amis Fran\u00e7ais du Mus\u00e9e d&#039;Isra\u00ebll\",\"isPartOf\":{\"@id\":\"https:\/\/www.associationafmi.com\/fr\/#website\"},\"datePublished\":\"2011-05-18T06:38:33+00:00\",\"dateModified\":\"2018-07-19T09:41:03+00:00\",\"breadcrumb\":{\"@id\":\"https:\/\/www.associationafmi.com\/fr\/musee-israel-jerusalem\/#breadcrumb\"},\"inLanguage\":\"fr-FR\",\"potentialAction\":[{\"@type\":\"ReadAction\",\"target\":[\"https:\/\/www.associationafmi.com\/fr\/musee-israel-jerusalem\/\"]}]},{\"@type\":\"BreadcrumbList\",\"@id\":\"https:\/\/www.associationafmi.com\/fr\/musee-israel-jerusalem\/#breadcrumb\",\"itemListElement\":[{\"@type\":\"ListItem\",\"position\":1,\"name\":\"Accueil\",\"item\":\"https:\/\/www.associationafmi.com\/fr\/\"},{\"@type\":\"ListItem\",\"position\":2,\"name\":\"Le Mus\u00e9e d&rsquo;Isra\u00ebl \u00e0 J\u00e9rusalem\"}]},{\"@type\":\"WebSite\",\"@id\":\"https:\/\/www.associationafmi.com\/fr\/#website\",\"url\":\"https:\/\/www.associationafmi.com\/fr\/\",\"name\":\"Association des Amis Fran\u00e7ais du Mus\u00e9e d&#039;Isra\u00ebll\",\"description\":\"AFMI I Amis Fran\u00e7ais du Mus\u00e9e d&#039;Isra\u00ebl\",\"potentialAction\":[{\"@type\":\"SearchAction\",\"target\":{\"@type\":\"EntryPoint\",\"urlTemplate\":\"https:\/\/www.associationafmi.com\/fr\/?s={search_term_string}\"},\"query-input\":{\"@type\":\"PropertyValueSpecification\",\"valueRequired\":true,\"valueName\":\"search_term_string\"}}],\"inLanguage\":\"fr-FR\"}]}<\/script>\n<!-- \/ Yoast SEO plugin. -->","yoast_head_json":{"title":"Le Mus\u00e9e d'Isra\u00ebl \u00e0 J\u00e9rusalem - Association des Amis Fran\u00e7ais du Mus\u00e9e d&#039;Isra\u00ebll","robots":{"index":"index","follow":"follow","max-snippet":"max-snippet:-1","max-image-preview":"max-image-preview:large","max-video-preview":"max-video-preview:-1"},"canonical":"https:\/\/www.associationafmi.com\/fr\/musee-israel-jerusalem\/","og_locale":"fr_FR","og_type":"article","og_title":"Le Mus\u00e9e d'Isra\u00ebl \u00e0 J\u00e9rusalem - Association des Amis Fran\u00e7ais du Mus\u00e9e d&#039;Isra\u00ebll","og_description":"Le Mus\u00e9e d\u2019Isra\u00ebl situ\u00e9 \u00e0 J\u00e9rusalem fait aujourd\u2019hui partie des plus importants mus\u00e9es du monde par sa taille et par la richesse de ses collections","og_url":"https:\/\/www.associationafmi.com\/fr\/musee-israel-jerusalem\/","og_site_name":"Association des Amis Fran\u00e7ais du Mus\u00e9e d&#039;Isra\u00ebll","article_modified_time":"2018-07-19T09:41:03+00:00","twitter_card":"summary_large_image","twitter_misc":{"Dur\u00e9e de lecture estim\u00e9e":"9 minutes"},"schema":{"@context":"https:\/\/schema.org","@graph":[{"@type":"WebPage","@id":"https:\/\/www.associationafmi.com\/fr\/musee-israel-jerusalem\/","url":"https:\/\/www.associationafmi.com\/fr\/musee-israel-jerusalem\/","name":"Le Mus\u00e9e d'Isra\u00ebl \u00e0 J\u00e9rusalem - Association des Amis Fran\u00e7ais du Mus\u00e9e d&#039;Isra\u00ebll","isPartOf":{"@id":"https:\/\/www.associationafmi.com\/fr\/#website"},"datePublished":"2011-05-18T06:38:33+00:00","dateModified":"2018-07-19T09:41:03+00:00","breadcrumb":{"@id":"https:\/\/www.associationafmi.com\/fr\/musee-israel-jerusalem\/#breadcrumb"},"inLanguage":"fr-FR","potentialAction":[{"@type":"ReadAction","target":["https:\/\/www.associationafmi.com\/fr\/musee-israel-jerusalem\/"]}]},{"@type":"BreadcrumbList","@id":"https:\/\/www.associationafmi.com\/fr\/musee-israel-jerusalem\/#breadcrumb","itemListElement":[{"@type":"ListItem","position":1,"name":"Accueil","item":"https:\/\/www.associationafmi.com\/fr\/"},{"@type":"ListItem","position":2,"name":"Le Mus\u00e9e d&rsquo;Isra\u00ebl \u00e0 J\u00e9rusalem"}]},{"@type":"WebSite","@id":"https:\/\/www.associationafmi.com\/fr\/#website","url":"https:\/\/www.associationafmi.com\/fr\/","name":"Association des Amis Fran\u00e7ais du Mus\u00e9e d&#039;Isra\u00ebll","description":"AFMI I Amis Fran\u00e7ais du Mus\u00e9e d&#039;Isra\u00ebl","potentialAction":[{"@type":"SearchAction","target":{"@type":"EntryPoint","urlTemplate":"https:\/\/www.associationafmi.com\/fr\/?s={search_term_string}"},"query-input":{"@type":"PropertyValueSpecification","valueRequired":true,"valueName":"search_term_string"}}],"inLanguage":"fr-FR"}]}},"_links":{"self":[{"href":"https:\/\/www.associationafmi.com\/fr\/wp-json\/wp\/v2\/pages\/1398","targetHints":{"allow":["GET"]}}],"collection":[{"href":"https:\/\/www.associationafmi.com\/fr\/wp-json\/wp\/v2\/pages"}],"about":[{"href":"https:\/\/www.associationafmi.com\/fr\/wp-json\/wp\/v2\/types\/page"}],"author":[{"embeddable":true,"href":"https:\/\/www.associationafmi.com\/fr\/wp-json\/wp\/v2\/users\/1"}],"replies":[{"embeddable":true,"href":"https:\/\/www.associationafmi.com\/fr\/wp-json\/wp\/v2\/comments?post=1398"}],"version-history":[{"count":0,"href":"https:\/\/www.associationafmi.com\/fr\/wp-json\/wp\/v2\/pages\/1398\/revisions"}],"wp:attachment":[{"href":"https:\/\/www.associationafmi.com\/fr\/wp-json\/wp\/v2\/media?parent=1398"}],"curies":[{"name":"wp","href":"https:\/\/api.w.org\/{rel}","templated":true}]}}