{"id":1400,"date":"2011-05-18T07:14:25","date_gmt":"2011-05-18T07:14:25","guid":{"rendered":"http:\/\/localhost:8888\/wordpress\/?page_id=17"},"modified":"2024-01-15T09:25:39","modified_gmt":"2024-01-15T08:25:39","slug":"comites","status":"publish","type":"page","link":"https:\/\/www.associationafmi.com\/fr\/comites\/","title":{"rendered":"Les comit\u00e9s de l&rsquo;AFMI"},"content":{"rendered":"<div class=\"wpb-content-wrapper\"><p>[vc_row dfd_row_responsive_enable=\u00a0\u00bbdfd-row-responsive-enable\u00a0\u00bb css=\u00a0\u00bb.vc_custom_1531928855351{padding-right: 300px !important;padding-left: 300px !important;}\u00a0\u00bb responsive_styles=\u00a0\u00bbpadding_left_tablet:10|padding_right_tablet:10|padding_left_mobile:10|padding_right_mobile:10&Prime;][vc_column dfd_column_responsive_enable=\u00a0\u00bbdfd-column-responsive-enable\u00a0\u00bb css=\u00a0\u00bb.vc_custom_1527603537024{padding-top: 50px !important;padding-bottom: 50px !important;}\u00a0\u00bb col_shadow=\u00a0\u00bbbox_shadow_enable:disable|shadow_horizontal:0|shadow_vertical:15|shadow_blur:50|shadow_spread:0|box_shadow_color:rgba(0%2C0%2C0%2C0.35)\u00a0\u00bb col_shadow_hover=\u00a0\u00bbbox_shadow_enable:disable|shadow_horizontal:0|shadow_vertical:15|shadow_blur:50|shadow_spread:0|box_shadow_color:rgba(0%2C0%2C0%2C0.35)\u00a0\u00bb responsive_styles=\u00a0\u00bbpadding_top_mobile:10|padding_bottom_mobile:10|padding_left_mobile:0|padding_right_mobile:0&Prime;][dfd_heading subtitle=\u00a0\u00bb\u00a0\u00bb enable_delimiter=\u00a0\u00bb\u00a0\u00bb undefined=\u00a0\u00bb\u00a0\u00bb title_font_options=\u00a0\u00bbtag:h1|font_size:30|line_height:35|letter_spacing:1&Prime; subtitle_font_options=\u00a0\u00bbtag:div\u00a0\u00bb]Le comit\u00e9[\/dfd_heading][dfd_single_image enable_retina=\u00a0\u00bb\u00a0\u00bb image=\u00a0\u00bb2296&Prime;][dfd_spacer screen_wide_spacer_size=\u00a0\u00bb50&Prime; screen_normal_resolution=\u00a0\u00bb1024&Prime; screen_tablet_resolution=\u00a0\u00bb800&Prime; screen_mobile_resolution=\u00a0\u00bb480&Prime;][dfd_heading subtitle=\u00a0\u00bb\u00a0\u00bb enable_delimiter=\u00a0\u00bb\u00a0\u00bb undefined=\u00a0\u00bb\u00a0\u00bb title_font_options=\u00a0\u00bbtag:h2|font_size:20|line_height:35|letter_spacing:1&Prime; subtitle_font_options=\u00a0\u00bbtag:div\u00a0\u00bb]Les membres du comit\u00e9 ex\u00e9cutif de l&rsquo;AFMI[\/dfd_heading][\/vc_column][\/vc_row][vc_row dfd_row_responsive_enable=\u00a0\u00bbdfd-row-responsive-enable\u00a0\u00bb css=\u00a0\u00bb.vc_custom_1531929303951{padding-left: 300px !important;}\u00a0\u00bb responsive_styles=\u00a0\u00bbpadding_top_mobile:10|padding_bottom_mobile:10|padding_left_mobile:10|padding_right_mobile:10&Prime;][vc_column width=\u00a0\u00bb1\/2&Prime;][dfd_heading subtitle=\u00a0\u00bb\u00a0\u00bb content_alignment=\u00a0\u00bbtext-left\u00a0\u00bb enable_delimiter=\u00a0\u00bb\u00a0\u00bb undefined=\u00a0\u00bb\u00a0\u00bb title_font_options=\u00a0\u00bbtag:h3|font_size:15|letter_spacing:1&Prime; title_google_fonts=\u00a0\u00bbyes\u00a0\u00bb title_custom_fonts=\u00a0\u00bbfont_family:Roboto%3A100%2C100italic%2C300%2C300italic%2Cregular%2Citalic%2C500%2C500italic%2C700%2C700italic%2C900%2C900italic|font_style:100%20light%20regular%3A100%3Anormal\u00a0\u00bb subtitle_font_options=\u00a0\u00bbtag:div\u00a0\u00bb]Comit\u00e9 ex\u00e9cutif de l&rsquo;AFMI[\/dfd_heading][vc_column_text]<strong>Pr\u00e9sidente d\u2019honneur<\/strong><br \/>\nDenise LEVY<\/p>\n<h3>Bureau<\/h3>\n<p><strong>Pr\u00e9sidente<\/strong><br \/>\nOdile MADAR<\/p>\n<p><strong>Secr\u00e9taire g\u00e9n\u00e9ral<\/strong><br \/>\nLionel ERRERA<\/p>\n<p><strong>Tr\u00e9sorier<\/strong><br \/>\nRoland LAFOND<\/p>\n<p><strong>Conseiller culturel<\/strong><br \/>\nFran\u00e7oise DARMON<\/p>\n<h3>Membres du Comit\u00e9<\/h3>\n<p>V\u00e9ronique CHICHE<br \/>\nLionel ERRERA<br \/>\nPatrick GANANSIA<br \/>\nNathalie KHAYAT<br \/>\nRoland LAFOND<br \/>\nOdile MADAR-COHEN<br \/>\nMarc MINISINI<br \/>\nElisabeth RADIX[\/vc_column_text][dfd_spacer screen_wide_spacer_size=\u00a0\u00bb20&Prime; screen_normal_resolution=\u00a0\u00bb1024&Prime; screen_tablet_resolution=\u00a0\u00bb800&Prime; screen_mobile_resolution=\u00a0\u00bb480&Prime;][dfd_heading subtitle=\u00a0\u00bb\u00a0\u00bb content_alignment=\u00a0\u00bbtext-left\u00a0\u00bb enable_delimiter=\u00a0\u00bb\u00a0\u00bb undefined=\u00a0\u00bb\u00a0\u00bb title_font_options=\u00a0\u00bbtag:h3|font_size:15|letter_spacing:1&Prime; title_google_fonts=\u00a0\u00bbyes\u00a0\u00bb title_custom_fonts=\u00a0\u00bbfont_family:Roboto%3A100%2C100italic%2C300%2C300italic%2Cregular%2Citalic%2C500%2C500italic%2C700%2C700italic%2C900%2C900italic|font_style:100%20light%20regular%3A100%3Anormal\u00a0\u00bb subtitle_font_options=\u00a0\u00bbtag:div\u00a0\u00bb]Directrice adminstrative [\/dfd_heading][vc_column_text]Caroline DAVIDOVICI[\/vc_column_text][\/vc_column][vc_column width=\u00a0\u00bb1\/2&Prime;][dfd_heading subtitle=\u00a0\u00bb\u00a0\u00bb content_alignment=\u00a0\u00bbtext-left\u00a0\u00bb enable_delimiter=\u00a0\u00bb\u00a0\u00bb undefined=\u00a0\u00bb\u00a0\u00bb title_font_options=\u00a0\u00bbtag:h3|font_size:15|letter_spacing:1&Prime; title_google_fonts=\u00a0\u00bbyes\u00a0\u00bb title_custom_fonts=\u00a0\u00bbfont_family:Roboto%3A100%2C100italic%2C300%2C300italic%2Cregular%2Citalic%2C500%2C500italic%2C700%2C700italic%2C900%2C900italic|font_style:100%20light%20regular%3A100%3Anormal\u00a0\u00bb subtitle_font_options=\u00a0\u00bbtag:div\u00a0\u00bb]Pr\u00e9sidentes internationales<br \/>\n[\/dfd_heading][vc_column_text]Maureen COGAN<br \/>\nMarion NAGGAR<br \/>\n[\/vc_column_text][dfd_spacer screen_wide_spacer_size=\u00a0\u00bb20&Prime; screen_normal_resolution=\u00a0\u00bb1024&Prime; screen_tablet_resolution=\u00a0\u00bb800&Prime; screen_mobile_resolution=\u00a0\u00bb480&Prime;][dfd_heading subtitle=\u00a0\u00bb\u00a0\u00bb content_alignment=\u00a0\u00bbtext-left\u00a0\u00bb enable_delimiter=\u00a0\u00bb\u00a0\u00bb undefined=\u00a0\u00bb\u00a0\u00bb title_font_options=\u00a0\u00bbtag:h3|font_size:15|letter_spacing:1&Prime; title_google_fonts=\u00a0\u00bbyes\u00a0\u00bb title_custom_fonts=\u00a0\u00bbfont_family:Roboto%3A100%2C100italic%2C300%2C300italic%2Cregular%2Citalic%2C500%2C500italic%2C700%2C700italic%2C900%2C900italic|font_style:100%20light%20regular%3A100%3Anormal\u00a0\u00bb subtitle_font_options=\u00a0\u00bbtag:div\u00a0\u00bb]Pr\u00e9sidents d\u2019honneur[\/dfd_heading][vc_column_text css=\u00a0\u00bb.vc_custom_1677246459686{padding-top: -20px !important;}\u00a0\u00bb]V\u00e9ronique CHICHE<br \/>\nPhilippe COHEN<br \/>\nMimette DROMMELSCHLAGER<br \/>\nMarc-Louis LANDEAU<br \/>\nPatricia LANDEAU-MACKLOWE<br \/>\nGuy LOUDMER<br \/>\nNathalie MAMANE-COHEN<br \/>\nAlix de ROTHSCHILD<br \/>\nHenri SAMUEL<br \/>\nClaude et Fran\u00e7oise SEGALOT<br \/>\nGuy et Chantal WALLIER[\/vc_column_text][dfd_spacer screen_wide_spacer_size=\u00a0\u00bb20&Prime; screen_normal_resolution=\u00a0\u00bb1024&Prime; screen_tablet_resolution=\u00a0\u00bb800&Prime; screen_mobile_resolution=\u00a0\u00bb480&Prime;][dfd_heading subtitle=\u00a0\u00bb\u00a0\u00bb content_alignment=\u00a0\u00bbtext-left\u00a0\u00bb enable_delimiter=\u00a0\u00bb\u00a0\u00bb undefined=\u00a0\u00bb\u00a0\u00bb title_font_options=\u00a0\u00bbtag:h3|font_size:15|letter_spacing:1&Prime; title_google_fonts=\u00a0\u00bbyes\u00a0\u00bb title_custom_fonts=\u00a0\u00bbfont_family:Roboto%3A100%2C100italic%2C300%2C300italic%2Cregular%2Citalic%2C500%2C500italic%2C700%2C700italic%2C900%2C900italic|font_style:100%20light%20regular%3A100%3Anormal\u00a0\u00bb subtitle_font_options=\u00a0\u00bbtag:div\u00a0\u00bb]Comit\u00e9 jeunes[\/dfd_heading][vc_column_text]Adriana CHICHE<br \/>\nJulien COHEN<\/p>\n<p>[\/vc_column_text][\/vc_column][\/vc_row]<\/p>\n<\/div>","protected":false},"excerpt":{"rendered":"<p>[vc_row dfd_row_responsive_enable=\u00a0\u00bbdfd-row-responsive-enable\u00a0\u00bb css=\u00a0\u00bb.vc_custom_1531928855351{padding-right: 300px !important;padding-left: 300px !important;}\u00a0\u00bb responsive_styles=\u00a0\u00bbpadding_left_tablet:10|padding_right_tablet:10|padding_left_mobile:10|padding_right_mobile:10&Prime;][vc_column dfd_column_responsive_enable=\u00a0\u00bbdfd-column-responsive-enable\u00a0\u00bb css=\u00a0\u00bb.vc_custom_1527603537024{padding-top: 50px !important;padding-bottom: 50px !important;}\u00a0\u00bb col_shadow=\u00a0\u00bbbox_shadow_enable:disable|shadow_horizontal:0|shadow_vertical:15|shadow_blur:50|shadow_spread:0|box_shadow_color:rgba(0%2C0%2C0%2C0.35)\u00a0\u00bb col_shadow_hover=\u00a0\u00bbbox_shadow_enable:disable|shadow_horizontal:0|shadow_vertical:15|shadow_blur:50|shadow_spread:0|box_shadow_color:rgba(0%2C0%2C0%2C0.35)\u00a0\u00bb responsive_styles=\u00a0\u00bbpadding_top_mobile:10|padding_bottom_mobile:10|padding_left_mobile:0|padding_right_mobile:0&Prime;][dfd_heading subtitle=\u00a0\u00bb\u00a0\u00bb enable_delimiter=\u00a0\u00bb\u00a0\u00bb undefined=\u00a0\u00bb\u00a0\u00bb title_font_options=\u00a0\u00bbtag:h1|font_size:30|line_height:35|letter_spacing:1&Prime; subtitle_font_options=\u00a0\u00bbtag:div\u00a0\u00bb]Le comit\u00e9[\/dfd_heading][dfd_single_image enable_retina=\u00a0\u00bb\u00a0\u00bb image=\u00a0\u00bb2296&Prime;][dfd_spacer screen_wide_spacer_size=\u00a0\u00bb50&Prime; screen_normal_resolution=\u00a0\u00bb1024&Prime; screen_tablet_resolution=\u00a0\u00bb800&Prime; screen_mobile_resolution=\u00a0\u00bb480&Prime;][dfd_heading subtitle=\u00a0\u00bb\u00a0\u00bb<\/p>\n","protected":false},"author":1,"featured_media":0,"parent":0,"menu_order":3,"comment_status":"open","ping_status":"open","template":"","meta":{"footnotes":""},"class_list":["post-1400","page","type-page","status-publish","hentry"],"yoast_head":"<!-- This site is optimized with the Yoast SEO plugin v27.0 - https:\/\/yoast.com\/product\/yoast-seo-wordpress\/ -->\n<title>Les comit\u00e9s de l&#039;AFMI - Association des Amis Fran\u00e7ais du Mus\u00e9e d&#039;Isra\u00ebll<\/title>\n<meta name=\"robots\" content=\"index, follow, max-snippet:-1, max-image-preview:large, max-video-preview:-1\" \/>\n<link rel=\"canonical\" href=\"https:\/\/www.associationafmi.com\/fr\/comites\/\" \/>\n<meta property=\"og:locale\" content=\"fr_FR\" \/>\n<meta property=\"og:type\" content=\"article\" \/>\n<meta property=\"og:title\" content=\"Les comit\u00e9s de l&#039;AFMI - Association des Amis Fran\u00e7ais du Mus\u00e9e d&#039;Isra\u00ebll\" \/>\n<meta property=\"og:description\" content=\"[vc_row dfd_row_responsive_enable=\u00a0\u00bbdfd-row-responsive-enable\u00a0\u00bb css=\u00a0\u00bb.vc_custom_1531928855351{padding-right: 300px !important;padding-left: 300px !important;}\u00a0\u00bb responsive_styles=\u00a0\u00bbpadding_left_tablet:10|padding_right_tablet:10|padding_left_mobile:10|padding_right_mobile:10&Prime;][vc_column dfd_column_responsive_enable=\u00a0\u00bbdfd-column-responsive-enable\u00a0\u00bb css=\u00a0\u00bb.vc_custom_1527603537024{padding-top: 50px !important;padding-bottom: 50px !important;}\u00a0\u00bb col_shadow=\u00a0\u00bbbox_shadow_enable:disable|shadow_horizontal:0|shadow_vertical:15|shadow_blur:50|shadow_spread:0|box_shadow_color:rgba(0%2C0%2C0%2C0.35)\u00a0\u00bb col_shadow_hover=\u00a0\u00bbbox_shadow_enable:disable|shadow_horizontal:0|shadow_vertical:15|shadow_blur:50|shadow_spread:0|box_shadow_color:rgba(0%2C0%2C0%2C0.35)\u00a0\u00bb responsive_styles=\u00a0\u00bbpadding_top_mobile:10|padding_bottom_mobile:10|padding_left_mobile:0|padding_right_mobile:0&Prime;][dfd_heading subtitle=\u00a0\u00bb\u00a0\u00bb enable_delimiter=\u00a0\u00bb\u00a0\u00bb undefined=\u00a0\u00bb\u00a0\u00bb title_font_options=\u00a0\u00bbtag:h1|font_size:30|line_height:35|letter_spacing:1&Prime; subtitle_font_options=\u00a0\u00bbtag:div\u00a0\u00bb]Le comit\u00e9[\/dfd_heading][dfd_single_image enable_retina=\u00a0\u00bb\u00a0\u00bb image=\u00a0\u00bb2296&Prime;][dfd_spacer screen_wide_spacer_size=\u00a0\u00bb50&Prime; screen_normal_resolution=\u00a0\u00bb1024&Prime; screen_tablet_resolution=\u00a0\u00bb800&Prime; screen_mobile_resolution=\u00a0\u00bb480&Prime;][dfd_heading subtitle=\u00a0\u00bb\u00a0\u00bb\" \/>\n<meta property=\"og:url\" content=\"https:\/\/www.associationafmi.com\/fr\/comites\/\" \/>\n<meta property=\"og:site_name\" content=\"Association des Amis Fran\u00e7ais du Mus\u00e9e d&#039;Isra\u00ebll\" \/>\n<meta property=\"article:modified_time\" content=\"2024-01-15T08:25:39+00:00\" \/>\n<meta name=\"twitter:card\" content=\"summary_large_image\" \/>\n<meta name=\"twitter:label1\" content=\"Dur\u00e9e de lecture estim\u00e9e\" \/>\n\t<meta name=\"twitter:data1\" content=\"1 minute\" \/>\n<script type=\"application\/ld+json\" class=\"yoast-schema-graph\">{\"@context\":\"https:\/\/schema.org\",\"@graph\":[{\"@type\":\"WebPage\",\"@id\":\"https:\/\/www.associationafmi.com\/fr\/comites\/\",\"url\":\"https:\/\/www.associationafmi.com\/fr\/comites\/\",\"name\":\"Les comit\u00e9s de l'AFMI - Association des Amis Fran\u00e7ais du Mus\u00e9e d&#039;Isra\u00ebll\",\"isPartOf\":{\"@id\":\"https:\/\/www.associationafmi.com\/fr\/#website\"},\"datePublished\":\"2011-05-18T07:14:25+00:00\",\"dateModified\":\"2024-01-15T08:25:39+00:00\",\"breadcrumb\":{\"@id\":\"https:\/\/www.associationafmi.com\/fr\/comites\/#breadcrumb\"},\"inLanguage\":\"fr-FR\",\"potentialAction\":[{\"@type\":\"ReadAction\",\"target\":[\"https:\/\/www.associationafmi.com\/fr\/comites\/\"]}]},{\"@type\":\"BreadcrumbList\",\"@id\":\"https:\/\/www.associationafmi.com\/fr\/comites\/#breadcrumb\",\"itemListElement\":[{\"@type\":\"ListItem\",\"position\":1,\"name\":\"Accueil\",\"item\":\"https:\/\/www.associationafmi.com\/fr\/\"},{\"@type\":\"ListItem\",\"position\":2,\"name\":\"Les comit\u00e9s de l&rsquo;AFMI\"}]},{\"@type\":\"WebSite\",\"@id\":\"https:\/\/www.associationafmi.com\/fr\/#website\",\"url\":\"https:\/\/www.associationafmi.com\/fr\/\",\"name\":\"Association des Amis Fran\u00e7ais du Mus\u00e9e d&#039;Isra\u00ebll\",\"description\":\"AFMI I Amis Fran\u00e7ais du Mus\u00e9e d&#039;Isra\u00ebl\",\"potentialAction\":[{\"@type\":\"SearchAction\",\"target\":{\"@type\":\"EntryPoint\",\"urlTemplate\":\"https:\/\/www.associationafmi.com\/fr\/?s={search_term_string}\"},\"query-input\":{\"@type\":\"PropertyValueSpecification\",\"valueRequired\":true,\"valueName\":\"search_term_string\"}}],\"inLanguage\":\"fr-FR\"}]}<\/script>\n<!-- \/ Yoast SEO plugin. -->","yoast_head_json":{"title":"Les comit\u00e9s de l'AFMI - Association des Amis Fran\u00e7ais du Mus\u00e9e d&#039;Isra\u00ebll","robots":{"index":"index","follow":"follow","max-snippet":"max-snippet:-1","max-image-preview":"max-image-preview:large","max-video-preview":"max-video-preview:-1"},"canonical":"https:\/\/www.associationafmi.com\/fr\/comites\/","og_locale":"fr_FR","og_type":"article","og_title":"Les comit\u00e9s de l'AFMI - Association des Amis Fran\u00e7ais du Mus\u00e9e d&#039;Isra\u00ebll","og_description":"[vc_row dfd_row_responsive_enable=\u00a0\u00bbdfd-row-responsive-enable\u00a0\u00bb css=\u00a0\u00bb.vc_custom_1531928855351{padding-right: 300px !important;padding-left: 300px !important;}\u00a0\u00bb responsive_styles=\u00a0\u00bbpadding_left_tablet:10|padding_right_tablet:10|padding_left_mobile:10|padding_right_mobile:10&Prime;][vc_column dfd_column_responsive_enable=\u00a0\u00bbdfd-column-responsive-enable\u00a0\u00bb css=\u00a0\u00bb.vc_custom_1527603537024{padding-top: 50px !important;padding-bottom: 50px !important;}\u00a0\u00bb col_shadow=\u00a0\u00bbbox_shadow_enable:disable|shadow_horizontal:0|shadow_vertical:15|shadow_blur:50|shadow_spread:0|box_shadow_color:rgba(0%2C0%2C0%2C0.35)\u00a0\u00bb col_shadow_hover=\u00a0\u00bbbox_shadow_enable:disable|shadow_horizontal:0|shadow_vertical:15|shadow_blur:50|shadow_spread:0|box_shadow_color:rgba(0%2C0%2C0%2C0.35)\u00a0\u00bb responsive_styles=\u00a0\u00bbpadding_top_mobile:10|padding_bottom_mobile:10|padding_left_mobile:0|padding_right_mobile:0&Prime;][dfd_heading subtitle=\u00a0\u00bb\u00a0\u00bb enable_delimiter=\u00a0\u00bb\u00a0\u00bb undefined=\u00a0\u00bb\u00a0\u00bb title_font_options=\u00a0\u00bbtag:h1|font_size:30|line_height:35|letter_spacing:1&Prime; subtitle_font_options=\u00a0\u00bbtag:div\u00a0\u00bb]Le comit\u00e9[\/dfd_heading][dfd_single_image enable_retina=\u00a0\u00bb\u00a0\u00bb image=\u00a0\u00bb2296&Prime;][dfd_spacer screen_wide_spacer_size=\u00a0\u00bb50&Prime; screen_normal_resolution=\u00a0\u00bb1024&Prime; screen_tablet_resolution=\u00a0\u00bb800&Prime; screen_mobile_resolution=\u00a0\u00bb480&Prime;][dfd_heading subtitle=\u00a0\u00bb\u00a0\u00bb","og_url":"https:\/\/www.associationafmi.com\/fr\/comites\/","og_site_name":"Association des Amis Fran\u00e7ais du Mus\u00e9e d&#039;Isra\u00ebll","article_modified_time":"2024-01-15T08:25:39+00:00","twitter_card":"summary_large_image","twitter_misc":{"Dur\u00e9e de lecture estim\u00e9e":"1 minute"},"schema":{"@context":"https:\/\/schema.org","@graph":[{"@type":"WebPage","@id":"https:\/\/www.associationafmi.com\/fr\/comites\/","url":"https:\/\/www.associationafmi.com\/fr\/comites\/","name":"Les comit\u00e9s de l'AFMI - Association des Amis Fran\u00e7ais du Mus\u00e9e d&#039;Isra\u00ebll","isPartOf":{"@id":"https:\/\/www.associationafmi.com\/fr\/#website"},"datePublished":"2011-05-18T07:14:25+00:00","dateModified":"2024-01-15T08:25:39+00:00","breadcrumb":{"@id":"https:\/\/www.associationafmi.com\/fr\/comites\/#breadcrumb"},"inLanguage":"fr-FR","potentialAction":[{"@type":"ReadAction","target":["https:\/\/www.associationafmi.com\/fr\/comites\/"]}]},{"@type":"BreadcrumbList","@id":"https:\/\/www.associationafmi.com\/fr\/comites\/#breadcrumb","itemListElement":[{"@type":"ListItem","position":1,"name":"Accueil","item":"https:\/\/www.associationafmi.com\/fr\/"},{"@type":"ListItem","position":2,"name":"Les comit\u00e9s de l&rsquo;AFMI"}]},{"@type":"WebSite","@id":"https:\/\/www.associationafmi.com\/fr\/#website","url":"https:\/\/www.associationafmi.com\/fr\/","name":"Association des Amis Fran\u00e7ais du Mus\u00e9e d&#039;Isra\u00ebll","description":"AFMI I Amis Fran\u00e7ais du Mus\u00e9e d&#039;Isra\u00ebl","potentialAction":[{"@type":"SearchAction","target":{"@type":"EntryPoint","urlTemplate":"https:\/\/www.associationafmi.com\/fr\/?s={search_term_string}"},"query-input":{"@type":"PropertyValueSpecification","valueRequired":true,"valueName":"search_term_string"}}],"inLanguage":"fr-FR"}]}},"_links":{"self":[{"href":"https:\/\/www.associationafmi.com\/fr\/wp-json\/wp\/v2\/pages\/1400","targetHints":{"allow":["GET"]}}],"collection":[{"href":"https:\/\/www.associationafmi.com\/fr\/wp-json\/wp\/v2\/pages"}],"about":[{"href":"https:\/\/www.associationafmi.com\/fr\/wp-json\/wp\/v2\/types\/page"}],"author":[{"embeddable":true,"href":"https:\/\/www.associationafmi.com\/fr\/wp-json\/wp\/v2\/users\/1"}],"replies":[{"embeddable":true,"href":"https:\/\/www.associationafmi.com\/fr\/wp-json\/wp\/v2\/comments?post=1400"}],"version-history":[{"count":0,"href":"https:\/\/www.associationafmi.com\/fr\/wp-json\/wp\/v2\/pages\/1400\/revisions"}],"wp:attachment":[{"href":"https:\/\/www.associationafmi.com\/fr\/wp-json\/wp\/v2\/media?parent=1400"}],"curies":[{"name":"wp","href":"https:\/\/api.w.org\/{rel}","templated":true}]}}