{"id":143,"date":"2011-05-18T14:34:57","date_gmt":"2011-05-18T14:34:57","guid":{"rendered":"http:\/\/localhost:8888\/wordpress\/?page_id=143"},"modified":"2018-06-19T16:47:54","modified_gmt":"2018-06-19T14:47:54","slug":"gala-2011","status":"publish","type":"page","link":"https:\/\/www.associationafmi.com\/fr\/gala\/gala-2011\/","title":{"rendered":"Gala 2011 \u00e0 l&rsquo;Automobile Club de France"},"content":{"rendered":"<div class=\"wpb-content-wrapper\"><p>[vc_row dfd_row_responsive_enable=\u00a0\u00bbdfd-row-responsive-enable\u00a0\u00bb css=\u00a0\u00bb.vc_custom_1528705555786{padding-right: 300px !important;padding-left: 300px !important;}\u00a0\u00bb responsive_styles=\u00a0\u00bbpadding_left_mobile:10|padding_right_mobile:10&Prime;][vc_column css=\u00a0\u00bb.vc_custom_1527582087916{padding-top: 50px !important;padding-bottom: 50px !important;}\u00a0\u00bb col_shadow=\u00a0\u00bbbox_shadow_enable:disable|shadow_horizontal:0|shadow_vertical:15|shadow_blur:50|shadow_spread:0|box_shadow_color:rgba(0%2C0%2C0%2C0.35)\u00a0\u00bb col_shadow_hover=\u00a0\u00bbbox_shadow_enable:disable|shadow_horizontal:0|shadow_vertical:15|shadow_blur:50|shadow_spread:0|box_shadow_color:rgba(0%2C0%2C0%2C0.35)\u00a0\u00bb][dfd_heading subtitle=\u00a0\u00bb\u00a0\u00bb enable_delimiter=\u00a0\u00bb\u00a0\u00bb undefined=\u00a0\u00bb\u00a0\u00bb title_font_options=\u00a0\u00bbtag:h1|font_size:30|line_height:35|letter_spacing:1&Prime; subtitle_font_options=\u00a0\u00bbtag:div\u00a0\u00bb tutorials=\u00a0\u00bb\u00a0\u00bb]Gala 2011 \u00e0 l\u2019Automobile Club de France[\/dfd_heading][\/vc_column][\/vc_row][vc_row dfd_row_responsive_enable=\u00a0\u00bbdfd-row-responsive-enable\u00a0\u00bb css=\u00a0\u00bb.vc_custom_1528705447753{padding-right: 200px !important;padding-left: 200px !important;}\u00a0\u00bb responsive_styles=\u00a0\u00bbpadding_left_mobile:10|padding_right_mobile:10&Prime;][vc_column width=\u00a0\u00bb2\/3&Prime;][vc_column_text]<\/p>\n<p><img decoding=\"async\" class=\"size-full wp-image-828 aligncenter\" title=\"invitation-gala-2011\" src=\"http:\/\/www.associationafmi.com\/wp-content\/uploads\/2011\/05\/invitation-gala-2011.png\" alt=\"\" width=\"500\" \/><\/p>\n<p>&nbsp;<\/p>\n<p>&nbsp;<\/p>\n<p style=\"text-align: center;\">En pr\u00e9sence de<br \/>\nMonsieur Fr\u00e9d\u00e9ric Mitterrand<br \/>\nMinistre de la Culture et de la Communication<br \/>\net de<br \/>\nSon Excellence Monsieur Yossi Gal<br \/>\nAmbassadeur d\u2019Isra\u00ebl en France<\/p>\n<p style=\"text-align: center;\">SOIR\u00c9E DE GALA<br \/>\ndes Amis fran\u00e7ais du Mus\u00e9e d\u2019Isra\u00ebl<br \/>\nLE DIMANCHE 11 DECEMBRE 2011<br \/>\n\u00e0 l\u2019Automobile Club de France<\/p>\n<p><img decoding=\"async\" src=\"http:\/\/www.associationafmi.com\/wp-content\/uploads\/2011\/12\/DSC_0320.jpg\" width=\"550\" \/><\/p>\n<p><img decoding=\"async\" src=\"http:\/\/www.associationafmi.com\/wp-content\/uploads\/2011\/12\/DSC_0286.jpg\" width=\"550\" \/><\/p>\n<p><img decoding=\"async\" src=\"http:\/\/www.associationafmi.com\/wp-content\/uploads\/2011\/12\/DSC_0276.jpg\" width=\"550\" \/><\/p>\n<p><img decoding=\"async\" src=\"http:\/\/www.associationafmi.com\/wp-content\/uploads\/2011\/12\/DSC_0267.jpg\" \/><\/p>\n<p><img decoding=\"async\" src=\"http:\/\/www.associationafmi.com\/wp-content\/uploads\/2011\/12\/DSC_0117.jpg\" width=\"550\" \/><\/p>\n<p><img decoding=\"async\" src=\"http:\/\/www.associationafmi.com\/wp-content\/uploads\/2011\/12\/DSC_0089.jpg\" width=\"550\" \/><\/p>\n<p><img decoding=\"async\" src=\"http:\/\/www.associationafmi.com\/wp-content\/uploads\/2011\/12\/DSC_0066.jpg\" width=\"550\" \/><\/p>\n<p><img decoding=\"async\" src=\"http:\/\/www.associationafmi.com\/wp-content\/uploads\/2011\/12\/DSC_0038.jpg\" width=\"550\" \/><\/p>\n<p>[\/vc_column_text][\/vc_column][vc_column width=\u00a0\u00bb1\/3&Prime;][vc_wp_custommenu nav_menu=\u00a0\u00bb22&Prime;][\/vc_column][\/vc_row]<\/p>\n<\/div>","protected":false},"excerpt":{"rendered":"<p>[vc_row dfd_row_responsive_enable=\u00a0\u00bbdfd-row-responsive-enable\u00a0\u00bb css=\u00a0\u00bb.vc_custom_1528705555786{padding-right: 300px !important;padding-left: 300px !important;}\u00a0\u00bb responsive_styles=\u00a0\u00bbpadding_left_mobile:10|padding_right_mobile:10&Prime;][vc_column css=\u00a0\u00bb.vc_custom_1527582087916{padding-top: 50px !important;padding-bottom: 50px !important;}\u00a0\u00bb col_shadow=\u00a0\u00bbbox_shadow_enable:disable|shadow_horizontal:0|shadow_vertical:15|shadow_blur:50|shadow_spread:0|box_shadow_color:rgba(0%2C0%2C0%2C0.35)\u00a0\u00bb col_shadow_hover=\u00a0\u00bbbox_shadow_enable:disable|shadow_horizontal:0|shadow_vertical:15|shadow_blur:50|shadow_spread:0|box_shadow_color:rgba(0%2C0%2C0%2C0.35)\u00a0\u00bb][dfd_heading subtitle=\u00a0\u00bb\u00a0\u00bb enable_delimiter=\u00a0\u00bb\u00a0\u00bb undefined=\u00a0\u00bb\u00a0\u00bb title_font_options=\u00a0\u00bbtag:h1|font_size:30|line_height:35|letter_spacing:1&Prime; subtitle_font_options=\u00a0\u00bbtag:div\u00a0\u00bb tutorials=\u00a0\u00bb\u00a0\u00bb]Gala 2011 \u00e0 l\u2019Automobile Club de France[\/dfd_heading][\/vc_column][\/vc_row][vc_row dfd_row_responsive_enable=\u00a0\u00bbdfd-row-responsive-enable\u00a0\u00bb css=\u00a0\u00bb.vc_custom_1528705447753{padding-right: 200px<\/p>\n","protected":false},"author":1,"featured_media":0,"parent":283,"menu_order":1,"comment_status":"open","ping_status":"open","template":"","meta":{"footnotes":""},"class_list":["post-143","page","type-page","status-publish","hentry"],"yoast_head":"<!-- This site is optimized with the Yoast SEO plugin v27.0 - https:\/\/yoast.com\/product\/yoast-seo-wordpress\/ -->\n<title>Gala 2011 \u00e0 l&#039;Automobile Club de France - Association des Amis Fran\u00e7ais du Mus\u00e9e d&#039;Isra\u00ebll<\/title>\n<meta name=\"robots\" content=\"index, follow, max-snippet:-1, max-image-preview:large, max-video-preview:-1\" \/>\n<link rel=\"canonical\" href=\"https:\/\/www.associationafmi.com\/fr\/gala\/gala-2011\/\" \/>\n<meta property=\"og:locale\" content=\"fr_FR\" \/>\n<meta property=\"og:type\" content=\"article\" \/>\n<meta property=\"og:title\" content=\"Gala 2011 \u00e0 l&#039;Automobile Club de France - Association des Amis Fran\u00e7ais du Mus\u00e9e d&#039;Isra\u00ebll\" \/>\n<meta property=\"og:description\" content=\"[vc_row dfd_row_responsive_enable=\u00a0\u00bbdfd-row-responsive-enable\u00a0\u00bb css=\u00a0\u00bb.vc_custom_1528705555786{padding-right: 300px !important;padding-left: 300px !important;}\u00a0\u00bb responsive_styles=\u00a0\u00bbpadding_left_mobile:10|padding_right_mobile:10&Prime;][vc_column css=\u00a0\u00bb.vc_custom_1527582087916{padding-top: 50px !important;padding-bottom: 50px !important;}\u00a0\u00bb col_shadow=\u00a0\u00bbbox_shadow_enable:disable|shadow_horizontal:0|shadow_vertical:15|shadow_blur:50|shadow_spread:0|box_shadow_color:rgba(0%2C0%2C0%2C0.35)\u00a0\u00bb col_shadow_hover=\u00a0\u00bbbox_shadow_enable:disable|shadow_horizontal:0|shadow_vertical:15|shadow_blur:50|shadow_spread:0|box_shadow_color:rgba(0%2C0%2C0%2C0.35)\u00a0\u00bb][dfd_heading subtitle=\u00a0\u00bb\u00a0\u00bb enable_delimiter=\u00a0\u00bb\u00a0\u00bb undefined=\u00a0\u00bb\u00a0\u00bb title_font_options=\u00a0\u00bbtag:h1|font_size:30|line_height:35|letter_spacing:1&Prime; subtitle_font_options=\u00a0\u00bbtag:div\u00a0\u00bb tutorials=\u00a0\u00bb\u00a0\u00bb]Gala 2011 \u00e0 l\u2019Automobile Club de France[\/dfd_heading][\/vc_column][\/vc_row][vc_row dfd_row_responsive_enable=\u00a0\u00bbdfd-row-responsive-enable\u00a0\u00bb css=\u00a0\u00bb.vc_custom_1528705447753{padding-right: 200px\" \/>\n<meta property=\"og:url\" content=\"https:\/\/www.associationafmi.com\/fr\/gala\/gala-2011\/\" \/>\n<meta property=\"og:site_name\" content=\"Association des Amis Fran\u00e7ais du Mus\u00e9e d&#039;Isra\u00ebll\" \/>\n<meta property=\"article:modified_time\" content=\"2018-06-19T14:47:54+00:00\" \/>\n<meta property=\"og:image\" content=\"http:\/\/www.associationafmi.com\/wp-content\/uploads\/2011\/05\/invitation-gala-2011.png\" \/>\n<meta name=\"twitter:card\" content=\"summary_large_image\" \/>\n<meta name=\"twitter:label1\" content=\"Dur\u00e9e de lecture estim\u00e9e\" \/>\n\t<meta name=\"twitter:data1\" content=\"1 minute\" \/>\n<script type=\"application\/ld+json\" class=\"yoast-schema-graph\">{\"@context\":\"https:\/\/schema.org\",\"@graph\":[{\"@type\":\"WebPage\",\"@id\":\"https:\/\/www.associationafmi.com\/fr\/gala\/gala-2011\/\",\"url\":\"https:\/\/www.associationafmi.com\/fr\/gala\/gala-2011\/\",\"name\":\"Gala 2011 \u00e0 l'Automobile Club de France - Association des Amis Fran\u00e7ais du Mus\u00e9e d&#039;Isra\u00ebll\",\"isPartOf\":{\"@id\":\"https:\/\/www.associationafmi.com\/fr\/#website\"},\"primaryImageOfPage\":{\"@id\":\"https:\/\/www.associationafmi.com\/fr\/gala\/gala-2011\/#primaryimage\"},\"image\":{\"@id\":\"https:\/\/www.associationafmi.com\/fr\/gala\/gala-2011\/#primaryimage\"},\"thumbnailUrl\":\"http:\/\/www.associationafmi.com\/wp-content\/uploads\/2011\/05\/invitation-gala-2011.png\",\"datePublished\":\"2011-05-18T14:34:57+00:00\",\"dateModified\":\"2018-06-19T14:47:54+00:00\",\"breadcrumb\":{\"@id\":\"https:\/\/www.associationafmi.com\/fr\/gala\/gala-2011\/#breadcrumb\"},\"inLanguage\":\"fr-FR\",\"potentialAction\":[{\"@type\":\"ReadAction\",\"target\":[\"https:\/\/www.associationafmi.com\/fr\/gala\/gala-2011\/\"]}]},{\"@type\":\"ImageObject\",\"inLanguage\":\"fr-FR\",\"@id\":\"https:\/\/www.associationafmi.com\/fr\/gala\/gala-2011\/#primaryimage\",\"url\":\"http:\/\/www.associationafmi.com\/wp-content\/uploads\/2011\/05\/invitation-gala-2011.png\",\"contentUrl\":\"http:\/\/www.associationafmi.com\/wp-content\/uploads\/2011\/05\/invitation-gala-2011.png\"},{\"@type\":\"BreadcrumbList\",\"@id\":\"https:\/\/www.associationafmi.com\/fr\/gala\/gala-2011\/#breadcrumb\",\"itemListElement\":[{\"@type\":\"ListItem\",\"position\":1,\"name\":\"Accueil\",\"item\":\"https:\/\/www.associationafmi.com\/fr\/\"},{\"@type\":\"ListItem\",\"position\":2,\"name\":\"Les galas de l\u2019AFMI\",\"item\":\"https:\/\/www.associationafmi.com\/fr\/gala\/\"},{\"@type\":\"ListItem\",\"position\":3,\"name\":\"Gala 2011 \u00e0 l&rsquo;Automobile Club de France\"}]},{\"@type\":\"WebSite\",\"@id\":\"https:\/\/www.associationafmi.com\/fr\/#website\",\"url\":\"https:\/\/www.associationafmi.com\/fr\/\",\"name\":\"Association des Amis Fran\u00e7ais du Mus\u00e9e d&#039;Isra\u00ebll\",\"description\":\"AFMI I Amis Fran\u00e7ais du Mus\u00e9e d&#039;Isra\u00ebl\",\"potentialAction\":[{\"@type\":\"SearchAction\",\"target\":{\"@type\":\"EntryPoint\",\"urlTemplate\":\"https:\/\/www.associationafmi.com\/fr\/?s={search_term_string}\"},\"query-input\":{\"@type\":\"PropertyValueSpecification\",\"valueRequired\":true,\"valueName\":\"search_term_string\"}}],\"inLanguage\":\"fr-FR\"}]}<\/script>\n<!-- \/ Yoast SEO plugin. -->","yoast_head_json":{"title":"Gala 2011 \u00e0 l'Automobile Club de France - Association des Amis Fran\u00e7ais du Mus\u00e9e d&#039;Isra\u00ebll","robots":{"index":"index","follow":"follow","max-snippet":"max-snippet:-1","max-image-preview":"max-image-preview:large","max-video-preview":"max-video-preview:-1"},"canonical":"https:\/\/www.associationafmi.com\/fr\/gala\/gala-2011\/","og_locale":"fr_FR","og_type":"article","og_title":"Gala 2011 \u00e0 l'Automobile Club de France - Association des Amis Fran\u00e7ais du Mus\u00e9e d&#039;Isra\u00ebll","og_description":"[vc_row dfd_row_responsive_enable=\u00a0\u00bbdfd-row-responsive-enable\u00a0\u00bb css=\u00a0\u00bb.vc_custom_1528705555786{padding-right: 300px !important;padding-left: 300px !important;}\u00a0\u00bb responsive_styles=\u00a0\u00bbpadding_left_mobile:10|padding_right_mobile:10&Prime;][vc_column css=\u00a0\u00bb.vc_custom_1527582087916{padding-top: 50px !important;padding-bottom: 50px !important;}\u00a0\u00bb col_shadow=\u00a0\u00bbbox_shadow_enable:disable|shadow_horizontal:0|shadow_vertical:15|shadow_blur:50|shadow_spread:0|box_shadow_color:rgba(0%2C0%2C0%2C0.35)\u00a0\u00bb col_shadow_hover=\u00a0\u00bbbox_shadow_enable:disable|shadow_horizontal:0|shadow_vertical:15|shadow_blur:50|shadow_spread:0|box_shadow_color:rgba(0%2C0%2C0%2C0.35)\u00a0\u00bb][dfd_heading subtitle=\u00a0\u00bb\u00a0\u00bb enable_delimiter=\u00a0\u00bb\u00a0\u00bb undefined=\u00a0\u00bb\u00a0\u00bb title_font_options=\u00a0\u00bbtag:h1|font_size:30|line_height:35|letter_spacing:1&Prime; subtitle_font_options=\u00a0\u00bbtag:div\u00a0\u00bb tutorials=\u00a0\u00bb\u00a0\u00bb]Gala 2011 \u00e0 l\u2019Automobile Club de France[\/dfd_heading][\/vc_column][\/vc_row][vc_row dfd_row_responsive_enable=\u00a0\u00bbdfd-row-responsive-enable\u00a0\u00bb css=\u00a0\u00bb.vc_custom_1528705447753{padding-right: 200px","og_url":"https:\/\/www.associationafmi.com\/fr\/gala\/gala-2011\/","og_site_name":"Association des Amis Fran\u00e7ais du Mus\u00e9e d&#039;Isra\u00ebll","article_modified_time":"2018-06-19T14:47:54+00:00","og_image":[{"url":"http:\/\/www.associationafmi.com\/wp-content\/uploads\/2011\/05\/invitation-gala-2011.png","type":"","width":"","height":""}],"twitter_card":"summary_large_image","twitter_misc":{"Dur\u00e9e de lecture estim\u00e9e":"1 minute"},"schema":{"@context":"https:\/\/schema.org","@graph":[{"@type":"WebPage","@id":"https:\/\/www.associationafmi.com\/fr\/gala\/gala-2011\/","url":"https:\/\/www.associationafmi.com\/fr\/gala\/gala-2011\/","name":"Gala 2011 \u00e0 l'Automobile Club de France - Association des Amis Fran\u00e7ais du Mus\u00e9e d&#039;Isra\u00ebll","isPartOf":{"@id":"https:\/\/www.associationafmi.com\/fr\/#website"},"primaryImageOfPage":{"@id":"https:\/\/www.associationafmi.com\/fr\/gala\/gala-2011\/#primaryimage"},"image":{"@id":"https:\/\/www.associationafmi.com\/fr\/gala\/gala-2011\/#primaryimage"},"thumbnailUrl":"http:\/\/www.associationafmi.com\/wp-content\/uploads\/2011\/05\/invitation-gala-2011.png","datePublished":"2011-05-18T14:34:57+00:00","dateModified":"2018-06-19T14:47:54+00:00","breadcrumb":{"@id":"https:\/\/www.associationafmi.com\/fr\/gala\/gala-2011\/#breadcrumb"},"inLanguage":"fr-FR","potentialAction":[{"@type":"ReadAction","target":["https:\/\/www.associationafmi.com\/fr\/gala\/gala-2011\/"]}]},{"@type":"ImageObject","inLanguage":"fr-FR","@id":"https:\/\/www.associationafmi.com\/fr\/gala\/gala-2011\/#primaryimage","url":"http:\/\/www.associationafmi.com\/wp-content\/uploads\/2011\/05\/invitation-gala-2011.png","contentUrl":"http:\/\/www.associationafmi.com\/wp-content\/uploads\/2011\/05\/invitation-gala-2011.png"},{"@type":"BreadcrumbList","@id":"https:\/\/www.associationafmi.com\/fr\/gala\/gala-2011\/#breadcrumb","itemListElement":[{"@type":"ListItem","position":1,"name":"Accueil","item":"https:\/\/www.associationafmi.com\/fr\/"},{"@type":"ListItem","position":2,"name":"Les galas de l\u2019AFMI","item":"https:\/\/www.associationafmi.com\/fr\/gala\/"},{"@type":"ListItem","position":3,"name":"Gala 2011 \u00e0 l&rsquo;Automobile Club de France"}]},{"@type":"WebSite","@id":"https:\/\/www.associationafmi.com\/fr\/#website","url":"https:\/\/www.associationafmi.com\/fr\/","name":"Association des Amis Fran\u00e7ais du Mus\u00e9e d&#039;Isra\u00ebll","description":"AFMI I Amis Fran\u00e7ais du Mus\u00e9e d&#039;Isra\u00ebl","potentialAction":[{"@type":"SearchAction","target":{"@type":"EntryPoint","urlTemplate":"https:\/\/www.associationafmi.com\/fr\/?s={search_term_string}"},"query-input":{"@type":"PropertyValueSpecification","valueRequired":true,"valueName":"search_term_string"}}],"inLanguage":"fr-FR"}]}},"_links":{"self":[{"href":"https:\/\/www.associationafmi.com\/fr\/wp-json\/wp\/v2\/pages\/143","targetHints":{"allow":["GET"]}}],"collection":[{"href":"https:\/\/www.associationafmi.com\/fr\/wp-json\/wp\/v2\/pages"}],"about":[{"href":"https:\/\/www.associationafmi.com\/fr\/wp-json\/wp\/v2\/types\/page"}],"author":[{"embeddable":true,"href":"https:\/\/www.associationafmi.com\/fr\/wp-json\/wp\/v2\/users\/1"}],"replies":[{"embeddable":true,"href":"https:\/\/www.associationafmi.com\/fr\/wp-json\/wp\/v2\/comments?post=143"}],"version-history":[{"count":0,"href":"https:\/\/www.associationafmi.com\/fr\/wp-json\/wp\/v2\/pages\/143\/revisions"}],"up":[{"embeddable":true,"href":"https:\/\/www.associationafmi.com\/fr\/wp-json\/wp\/v2\/pages\/283"}],"wp:attachment":[{"href":"https:\/\/www.associationafmi.com\/fr\/wp-json\/wp\/v2\/media?parent=143"}],"curies":[{"name":"wp","href":"https:\/\/api.w.org\/{rel}","templated":true}]}}