{"id":1643,"date":"2018-05-28T17:59:38","date_gmt":"2018-05-28T15:59:38","guid":{"rendered":"https:\/\/www.associationafmi.com\/?page_id=1643"},"modified":"2023-01-30T09:51:02","modified_gmt":"2023-01-30T08:51:02","slug":"home","status":"publish","type":"page","link":"https:\/\/www.associationafmi.com\/fr\/","title":{"rendered":"Les Amis Fran\u00e7ais du Mus\u00e9e d&rsquo;Isra\u00ebl I FR"},"content":{"rendered":"<div class=\"wpb-content-wrapper\"><p>[vc_row dfd_row_config=\u00a0\u00bbfull_width_content\u00a0\u00bb dfd_bg_style=\u00a0\u00bbimage\u00a0\u00bb dfd_bg_image_repeat=\u00a0\u00bbno-repeat\u00a0\u00bb dfd_image_bg_color=\u00a0\u00bb#f7f7f7&Prime; dfd_row_responsive_enable=\u00a0\u00bbdfd-row-responsive-enable\u00a0\u00bb css=\u00a0\u00bb.vc_custom_1528269134145{padding-right: 300px !important;padding-left: 300px !important;background-color: #ffffff !important;}\u00a0\u00bb responsive_styles=\u00a0\u00bbpadding_left_mobile:10|padding_right_mobile:10&Prime;][vc_column][dfd_spacer screen_wide_spacer_size=\u00a0\u00bb10&Prime; screen_normal_resolution=\u00a0\u00bb1024&Prime; screen_tablet_resolution=\u00a0\u00bb800&Prime; screen_mobile_resolution=\u00a0\u00bb480&Prime;][dfd_logo_carousel enable_slides=\u00a0\u00bbslides\u00a0\u00bb list_fields=\u00a0\u00bb%5B%7B%22icon_image_id%22%3A%221766%22%7D%2C%7B%22icon_image_id%22%3A%221777%22%2C%22description%22%3A%22%20%22%7D%2C%7B%22icon_image_id%22%3A%221780%22%2C%22description%22%3A%22%20%22%7D%5D\u00a0\u00bb slides_to_show=\u00a0\u00bb1&Prime; slides_to_scroll=\u00a0\u00bb1&Prime; slideshow_speed=\u00a0\u00bb5000&Prime; main_style=\u00a0\u00bbstyle-1&Prime; auto_slideshow=\u00a0\u00bbauto_slid\u00a0\u00bb opacity_before=\u00a0\u00bb100&Prime; opacity_after=\u00a0\u00bb100&Prime;][\/vc_column][vc_column col_shadow=\u00a0\u00bbbox_shadow_enable:disable|shadow_horizontal:0|shadow_vertical:15|shadow_blur:50|shadow_spread:0|box_shadow_color:rgba(0%2C0%2C0%2C0.35)\u00a0\u00bb col_shadow_hover=\u00a0\u00bbbox_shadow_enable:disable|shadow_horizontal:0|shadow_vertical:15|shadow_blur:50|shadow_spread:0|box_shadow_color:rgba(0%2C0%2C0%2C0.35)\u00a0\u00bb][vc_row_inner][vc_column_inner offset=\u00a0\u00bbvc_hidden-lg vc_hidden-md\u00a0\u00bb col_inner_shadow=\u00a0\u00bbbox_shadow_enable:disable|shadow_horizontal:0|shadow_vertical:15|shadow_blur:50|shadow_spread:0|box_shadow_color:rgba(0%2C0%2C0%2C0.35)\u00a0\u00bb col_inner_shadow_hover=\u00a0\u00bbbox_shadow_enable:disable|shadow_horizontal:0|shadow_vertical:15|shadow_blur:50|shadow_spread:0|box_shadow_color:rgba(0%2C0%2C0%2C0.35)\u00a0\u00bb][dfd_heading subtitle=\u00a0\u00bbLes Amis Fran\u00e7ais du Mus\u00e9e d&rsquo;Isra\u00ebl\u00a0\u00bb enable_delimiter=\u00a0\u00bb\u00a0\u00bb undefined=\u00a0\u00bb\u00a0\u00bb title_font_options=\u00a0\u00bbtag:h2|font_size:14|line_height:20|letter_spacing:1&Prime; subtitle_font_options=\u00a0\u00bbtag:h1&Prime; title_google_fonts=\u00a0\u00bbyes\u00a0\u00bb title_custom_fonts=\u00a0\u00bbfont_family:Roboto%3A100%2C100italic%2C300%2C300italic%2Cregular%2Citalic%2C500%2C500italic%2C700%2C700italic%2C900%2C900italic|font_style:300%20light%20regular%3A300%3Anormal\u00a0\u00bb][\/dfd_heading][\/vc_column_inner][\/vc_row_inner][vc_row_inner][vc_column_inner offset=\u00a0\u00bbvc_hidden-sm vc_hidden-xs\u00a0\u00bb col_inner_shadow=\u00a0\u00bbbox_shadow_enable:disable|shadow_horizontal:0|shadow_vertical:15|shadow_blur:50|shadow_spread:0|box_shadow_color:rgba(0%2C0%2C0%2C0.35)\u00a0\u00bb col_inner_shadow_hover=\u00a0\u00bbbox_shadow_enable:disable|shadow_horizontal:0|shadow_vertical:15|shadow_blur:50|shadow_spread:0|box_shadow_color:rgba(0%2C0%2C0%2C0.35)\u00a0\u00bb][dfd_heading subtitle=\u00a0\u00bbLes Amis Fran\u00e7ais du Mus\u00e9e d&rsquo;Isra\u00ebl\u00a0\u00bb enable_delimiter=\u00a0\u00bb\u00a0\u00bb undefined=\u00a0\u00bb\u00a0\u00bb title_font_options=\u00a0\u00bbtag:h2|font_size:14|line_height:20|letter_spacing:1&Prime; subtitle_font_options=\u00a0\u00bbtag:h1&Prime; title_google_fonts=\u00a0\u00bbyes\u00a0\u00bb title_custom_fonts=\u00a0\u00bbfont_family:Roboto%3A100%2C100italic%2C300%2C300italic%2Cregular%2Citalic%2C500%2C500italic%2C700%2C700italic%2C900%2C900italic|font_style:300%20light%20regular%3A300%3Anormal\u00a0\u00bb][\/dfd_heading][\/vc_column_inner][\/vc_row_inner][vc_row_inner dfd_row_responsive_enable=\u00a0\u00bbdfd-row-responsive-enable\u00a0\u00bb css=\u00a0\u00bb.vc_custom_1528269275323{padding-right: 50px !important;padding-left: 50px !important;}\u00a0\u00bb responsive_styles=\u00a0\u00bbpadding_left_mobile:10|padding_right_mobile:10&Prime;][vc_column_inner][dfd_spacer screen_wide_spacer_size=\u00a0\u00bb10&Prime; screen_normal_resolution=\u00a0\u00bb1024&Prime; screen_tablet_resolution=\u00a0\u00bb800&Prime; screen_mobile_resolution=\u00a0\u00bb480&Prime;][dfd_heading subtitle=\u00a0\u00bb\u00a0\u00bb content_alignment=\u00a0\u00bbtext-left\u00a0\u00bb enable_delimiter=\u00a0\u00bb\u00a0\u00bb undefined=\u00a0\u00bb\u00a0\u00bb title_font_options=\u00a0\u00bbtag:h2|font_size:14|line_height:20|letter_spacing:1&Prime; subtitle_font_options=\u00a0\u00bbtag:h1&Prime; title_google_fonts=\u00a0\u00bbyes\u00a0\u00bb title_custom_fonts=\u00a0\u00bbfont_family:Roboto%3A100%2C100italic%2C300%2C300italic%2Cregular%2Citalic%2C500%2C500italic%2C700%2C700italic%2C900%2C900italic|font_style:300%20light%20regular%3A300%3Anormal\u00a0\u00bb]Cr\u00e9\u00e9e en 1972, <a style=\"color: #b51134;\" href=\"https:\/\/www.associationafmi.com\/fr\/amis-francais-musee-israel\/\">l\u2019association Afmi<\/a> a pour but le d\u00e9veloppement, le soutien du <span style=\"color: #b51134;\"><a style=\"color: #b51134;\" href=\"https:\/\/www.associationafmi.com\/fr\/musee-israel-jerusalem\/\">Mus\u00e9e d\u2019Isra\u00ebl \u00e0 J\u00e9rusalem<\/a><\/span><span style=\"color: #b51134;\">,<\/span> ainsi que le resserrement des liens artistiques et culturels entre la France et Isra\u00ebl. De tr\u00e8s nombreux adh\u00e9rents d\u00e9fendent tous les jours le beau projet qu\u2019est le mus\u00e9e d\u2019Isra\u00ebl \u00e0 J\u00e9rusalem. Notre politique d\u2019<a style=\"color: #b51134;\" href=\"https:\/\/www.associationafmi.com\/fr\/acquisitions\/\">acquisition d\u2019oeuvres d\u2019art<\/a> a notamment permis d\u2019offrir au mus\u00e9e des oeuvres de Christian Boltanski, Maurizio Catellan ou encore Chris Marker.[\/dfd_heading][dfd_heading subtitle=\u00a0\u00bb\u00a0\u00bb content_alignment=\u00a0\u00bbtext-left\u00a0\u00bb enable_delimiter=\u00a0\u00bb\u00a0\u00bb undefined=\u00a0\u00bb\u00a0\u00bb title_font_options=\u00a0\u00bbtag:h2|font_size:14|line_height:20|letter_spacing:1&Prime; subtitle_font_options=\u00a0\u00bbtag:h1&Prime; title_google_fonts=\u00a0\u00bbyes\u00a0\u00bb title_custom_fonts=\u00a0\u00bbfont_family:Roboto%3A100%2C100italic%2C300%2C300italic%2Cregular%2Citalic%2C500%2C500italic%2C700%2C700italic%2C900%2C900italic|font_style:300%20light%20regular%3A300%3Anormal\u00a0\u00bb]Retrouvez <a href=\"https:\/\/www.facebook.com\/AssociationFMI\/\">\u00a0<span style=\"color: #b51134;\">notre actualit\u00e9 sur la page facebook de l\u2019association<\/span><\/a>.[\/dfd_heading][\/vc_column_inner][\/vc_row_inner][dfd_spacer screen_wide_spacer_size=\u00a0\u00bb50&Prime; screen_normal_resolution=\u00a0\u00bb1024&Prime; screen_tablet_resolution=\u00a0\u00bb800&Prime; screen_mobile_resolution=\u00a0\u00bb480&Prime;][dfd_single_image image_size=\u00a0\u00bbcustom\u00a0\u00bb image_width=\u00a0\u00bb80&Prime; image_height=\u00a0\u00bb78&Prime; retina_image_size=\u00a0\u00bbx2&Prime; image=\u00a0\u00bb1728&Prime; retina_image_x2=\u00a0\u00bb1788&Prime;][dfd_spacer screen_wide_spacer_size=\u00a0\u00bb10&Prime; screen_normal_resolution=\u00a0\u00bb1024&Prime; screen_tablet_resolution=\u00a0\u00bb800&Prime; screen_mobile_resolution=\u00a0\u00bb480&Prime;][dfd_heading subtitle=\u00a0\u00bb\u00a0\u00bb enable_delimiter=\u00a0\u00bb\u00a0\u00bb el_class=\u00a0\u00bbfoot-nom\u00a0\u00bb undefined=\u00a0\u00bb\u00a0\u00bb title_font_options=\u00a0\u00bbtag:div|font_size:15|color:%23000000|line_height:29|letter_spacing:3&Prime; title_google_fonts=\u00a0\u00bbyes\u00a0\u00bb title_custom_fonts=\u00a0\u00bbfont_family:Roboto%3A100%2C100italic%2C300%2C300italic%2Cregular%2Citalic%2C500%2C500italic%2C700%2C700italic%2C900%2C900italic|font_style:400%20regular%3A400%3Anormal\u00a0\u00bb subtitle_font_options=\u00a0\u00bbtag:div\u00a0\u00bb title_responsive=\u00a0\u00bbfont_size_mobile:10|letter_spacing_mobile:1&Prime;]Association des Amis Fran\u00e7ais du Mus\u00e9e d&rsquo;Isra\u00ebl[\/dfd_heading][dfd_heading subtitle=\u00a0\u00bb\u00a0\u00bb enable_delimiter=\u00a0\u00bb\u00a0\u00bb el_class=\u00a0\u00bbfoot-nom\u00a0\u00bb undefined=\u00a0\u00bb\u00a0\u00bb title_font_options=\u00a0\u00bbtag:div|font_size:13|color:%23000000|line_height:15|letter_spacing:3&Prime; title_google_fonts=\u00a0\u00bbyes\u00a0\u00bb title_custom_fonts=\u00a0\u00bbfont_family:Roboto%3A100%2C100italic%2C300%2C300italic%2Cregular%2Citalic%2C500%2C500italic%2C700%2C700italic%2C900%2C900italic|font_style:100%20light%20regular%3A100%3Anormal\u00a0\u00bb subtitle_font_options=\u00a0\u00bbtag:div\u00a0\u00bb]I <a href=\"https:\/\/www.associationafmi.com\/\">CONTACT<\/a> I <a href=\"https:\/\/www.facebook.com\/AssociationFMI\/\" target=\"_blank\" rel=\"noopener\">FACEBOOK<\/a> I <a href=\"https:\/\/www.associationafmi.com\/fr\/informations-legales\/\">INFORMATIONS LEGALES<\/a>[\/dfd_heading][dfd_spacer screen_wide_spacer_size=\u00a0\u00bb10&Prime; screen_normal_resolution=\u00a0\u00bb1024&Prime; screen_tablet_resolution=\u00a0\u00bb800&Prime; screen_mobile_resolution=\u00a0\u00bb480&Prime;][dfd_heading subtitle=\u00a0\u00bb\u00a0\u00bb enable_delimiter=\u00a0\u00bb\u00a0\u00bb el_class=\u00a0\u00bbfoot-nom\u00a0\u00bb undefined=\u00a0\u00bb\u00a0\u00bb title_font_options=\u00a0\u00bbtag:div|font_size:10|color:%23b22525|line_height:15|letter_spacing:3&Prime; title_google_fonts=\u00a0\u00bbyes\u00a0\u00bb title_custom_fonts=\u00a0\u00bbfont_family:Roboto%3A100%2C100italic%2C300%2C300italic%2Cregular%2Citalic%2C500%2C500italic%2C700%2C700italic%2C900%2C900italic|font_style:400%20regular%3A400%3Anormal\u00a0\u00bb subtitle_font_options=\u00a0\u00bbtag:div\u00a0\u00bb tutorials=\u00a0\u00bb\u00a0\u00bb]95 boulevard Berthier, 75017 Paris, France<br \/>\nTel\/Fax : +33 (0)1 47 23 58 28[\/dfd_heading][dfd_spacer screen_wide_spacer_size=\u00a0\u00bb30&Prime; screen_normal_resolution=\u00a0\u00bb1024&Prime; screen_tablet_resolution=\u00a0\u00bb800&Prime; screen_mobile_resolution=\u00a0\u00bb480&Prime;][\/vc_column][\/vc_row]<\/p>\n<\/div>","protected":false},"excerpt":{"rendered":"<p>L&rsquo;association a pour but le d\u00e9veloppement, le soutien du Mus\u00e9e d\u2019Isra\u00ebl \u00e0 J\u00e9rusalem &#038; le resserrement des liens artistiques entre la France et Isra\u00ebl. <\/p>\n","protected":false},"author":1,"featured_media":1790,"parent":0,"menu_order":0,"comment_status":"closed","ping_status":"closed","template":"","meta":{"footnotes":""},"class_list":["post-1643","page","type-page","status-publish","has-post-thumbnail","hentry"],"yoast_head":"<!-- This site is optimized with the Yoast SEO plugin v27.0 - https:\/\/yoast.com\/product\/yoast-seo-wordpress\/ -->\n<title>Les Amis Fran\u00e7ais du Mus\u00e9e d&#039;Isra\u00ebl I FR<\/title>\n<meta name=\"description\" content=\"L&#039;association a pour but le d\u00e9veloppement, le soutien du Mus\u00e9e d\u2019Isra\u00ebl \u00e0 J\u00e9rusalem &amp; le resserrement des liens artistiques entre la France et Isra\u00ebl.\" \/>\n<meta name=\"robots\" content=\"index, follow, max-snippet:-1, max-image-preview:large, max-video-preview:-1\" \/>\n<link rel=\"canonical\" href=\"https:\/\/www.associationafmi.com\/fr\/\" \/>\n<meta property=\"og:locale\" content=\"fr_FR\" \/>\n<meta property=\"og:type\" content=\"article\" \/>\n<meta property=\"og:title\" content=\"Site des Amis Fran\u00e7ais du Mus\u00e9e d&#039;Isra\u00ebl\" \/>\n<meta property=\"og:description\" content=\"Cr\u00e9\u00e9e en 1972, l\u2019association Afmi a pour but le d\u00e9veloppement, le soutien du Mus\u00e9e d\u2019Isra\u00ebl \u00e0 J\u00e9rusalem, ainsi que le resserrement des liens artistiques et culturels entre la France et Isra\u00ebl.\" \/>\n<meta property=\"og:url\" content=\"https:\/\/www.associationafmi.com\/fr\/\" \/>\n<meta property=\"og:site_name\" content=\"Association des Amis Fran\u00e7ais du Mus\u00e9e d&#039;Isra\u00ebll\" \/>\n<meta property=\"article:modified_time\" content=\"2023-01-30T08:51:02+00:00\" \/>\n<meta property=\"og:image\" content=\"https:\/\/www.associationafmi.com\/amis-france-musee-israel\/2018\/06\/im-3-1.jpg\" \/>\n\t<meta property=\"og:image:width\" content=\"2250\" \/>\n\t<meta property=\"og:image:height\" content=\"1688\" \/>\n\t<meta property=\"og:image:type\" content=\"image\/jpeg\" \/>\n<meta name=\"twitter:card\" content=\"summary_large_image\" \/>\n<meta name=\"twitter:label1\" content=\"Dur\u00e9e de lecture estim\u00e9e\" \/>\n\t<meta name=\"twitter:data1\" content=\"2 minutes\" \/>\n<script type=\"application\/ld+json\" class=\"yoast-schema-graph\">{\"@context\":\"https:\/\/schema.org\",\"@graph\":[{\"@type\":\"WebPage\",\"@id\":\"https:\/\/www.associationafmi.com\/fr\/\",\"url\":\"https:\/\/www.associationafmi.com\/fr\/\",\"name\":\"Les Amis Fran\u00e7ais du Mus\u00e9e d'Isra\u00ebl I FR\",\"isPartOf\":{\"@id\":\"https:\/\/www.associationafmi.com\/fr\/#website\"},\"primaryImageOfPage\":{\"@id\":\"https:\/\/www.associationafmi.com\/fr\/#primaryimage\"},\"image\":{\"@id\":\"https:\/\/www.associationafmi.com\/fr\/#primaryimage\"},\"thumbnailUrl\":\"https:\/\/www.associationafmi.com\/amis-france-musee-israel\/2018\/06\/afmi-site.jpg\",\"datePublished\":\"2018-05-28T15:59:38+00:00\",\"dateModified\":\"2023-01-30T08:51:02+00:00\",\"description\":\"L'association a pour but le d\u00e9veloppement, le soutien du Mus\u00e9e d\u2019Isra\u00ebl \u00e0 J\u00e9rusalem & le resserrement des liens artistiques entre la France et Isra\u00ebl.\",\"breadcrumb\":{\"@id\":\"https:\/\/www.associationafmi.com\/fr\/#breadcrumb\"},\"inLanguage\":\"fr-FR\",\"potentialAction\":[{\"@type\":\"ReadAction\",\"target\":[\"https:\/\/www.associationafmi.com\/fr\/\"]}]},{\"@type\":\"ImageObject\",\"inLanguage\":\"fr-FR\",\"@id\":\"https:\/\/www.associationafmi.com\/fr\/#primaryimage\",\"url\":\"https:\/\/www.associationafmi.com\/amis-france-musee-israel\/2018\/06\/afmi-site.jpg\",\"contentUrl\":\"https:\/\/www.associationafmi.com\/amis-france-musee-israel\/2018\/06\/afmi-site.jpg\",\"width\":1850,\"height\":1354},{\"@type\":\"BreadcrumbList\",\"@id\":\"https:\/\/www.associationafmi.com\/fr\/#breadcrumb\",\"itemListElement\":[{\"@type\":\"ListItem\",\"position\":1,\"name\":\"Accueil\",\"item\":\"https:\/\/www.associationafmi.com\/fr\/\"},{\"@type\":\"ListItem\",\"position\":2,\"name\":\"Les Amis Fran\u00e7ais du Mus\u00e9e d&rsquo;Isra\u00ebl I FR\"}]},{\"@type\":\"WebSite\",\"@id\":\"https:\/\/www.associationafmi.com\/fr\/#website\",\"url\":\"https:\/\/www.associationafmi.com\/fr\/\",\"name\":\"Association des Amis Fran\u00e7ais du Mus\u00e9e d&#039;Isra\u00ebll\",\"description\":\"AFMI I Amis Fran\u00e7ais du Mus\u00e9e d&#039;Isra\u00ebl\",\"potentialAction\":[{\"@type\":\"SearchAction\",\"target\":{\"@type\":\"EntryPoint\",\"urlTemplate\":\"https:\/\/www.associationafmi.com\/fr\/?s={search_term_string}\"},\"query-input\":{\"@type\":\"PropertyValueSpecification\",\"valueRequired\":true,\"valueName\":\"search_term_string\"}}],\"inLanguage\":\"fr-FR\"}]}<\/script>\n<!-- \/ Yoast SEO plugin. -->","yoast_head_json":{"title":"Les Amis Fran\u00e7ais du Mus\u00e9e d'Isra\u00ebl I FR","description":"L'association a pour but le d\u00e9veloppement, le soutien du Mus\u00e9e d\u2019Isra\u00ebl \u00e0 J\u00e9rusalem & le resserrement des liens artistiques entre la France et Isra\u00ebl.","robots":{"index":"index","follow":"follow","max-snippet":"max-snippet:-1","max-image-preview":"max-image-preview:large","max-video-preview":"max-video-preview:-1"},"canonical":"https:\/\/www.associationafmi.com\/fr\/","og_locale":"fr_FR","og_type":"article","og_title":"Site des Amis Fran\u00e7ais du Mus\u00e9e d'Isra\u00ebl","og_description":"Cr\u00e9\u00e9e en 1972, l\u2019association Afmi a pour but le d\u00e9veloppement, le soutien du Mus\u00e9e d\u2019Isra\u00ebl \u00e0 J\u00e9rusalem, ainsi que le resserrement des liens artistiques et culturels entre la France et Isra\u00ebl.","og_url":"https:\/\/www.associationafmi.com\/fr\/","og_site_name":"Association des Amis Fran\u00e7ais du Mus\u00e9e d&#039;Isra\u00ebll","article_modified_time":"2023-01-30T08:51:02+00:00","og_image":[{"width":2250,"height":1688,"url":"https:\/\/www.associationafmi.com\/amis-france-musee-israel\/2018\/06\/im-3-1.jpg","type":"image\/jpeg"}],"twitter_card":"summary_large_image","twitter_misc":{"Dur\u00e9e de lecture estim\u00e9e":"2 minutes"},"schema":{"@context":"https:\/\/schema.org","@graph":[{"@type":"WebPage","@id":"https:\/\/www.associationafmi.com\/fr\/","url":"https:\/\/www.associationafmi.com\/fr\/","name":"Les Amis Fran\u00e7ais du Mus\u00e9e d'Isra\u00ebl I FR","isPartOf":{"@id":"https:\/\/www.associationafmi.com\/fr\/#website"},"primaryImageOfPage":{"@id":"https:\/\/www.associationafmi.com\/fr\/#primaryimage"},"image":{"@id":"https:\/\/www.associationafmi.com\/fr\/#primaryimage"},"thumbnailUrl":"https:\/\/www.associationafmi.com\/amis-france-musee-israel\/2018\/06\/afmi-site.jpg","datePublished":"2018-05-28T15:59:38+00:00","dateModified":"2023-01-30T08:51:02+00:00","description":"L'association a pour but le d\u00e9veloppement, le soutien du Mus\u00e9e d\u2019Isra\u00ebl \u00e0 J\u00e9rusalem & le resserrement des liens artistiques entre la France et Isra\u00ebl.","breadcrumb":{"@id":"https:\/\/www.associationafmi.com\/fr\/#breadcrumb"},"inLanguage":"fr-FR","potentialAction":[{"@type":"ReadAction","target":["https:\/\/www.associationafmi.com\/fr\/"]}]},{"@type":"ImageObject","inLanguage":"fr-FR","@id":"https:\/\/www.associationafmi.com\/fr\/#primaryimage","url":"https:\/\/www.associationafmi.com\/amis-france-musee-israel\/2018\/06\/afmi-site.jpg","contentUrl":"https:\/\/www.associationafmi.com\/amis-france-musee-israel\/2018\/06\/afmi-site.jpg","width":1850,"height":1354},{"@type":"BreadcrumbList","@id":"https:\/\/www.associationafmi.com\/fr\/#breadcrumb","itemListElement":[{"@type":"ListItem","position":1,"name":"Accueil","item":"https:\/\/www.associationafmi.com\/fr\/"},{"@type":"ListItem","position":2,"name":"Les Amis Fran\u00e7ais du Mus\u00e9e d&rsquo;Isra\u00ebl I FR"}]},{"@type":"WebSite","@id":"https:\/\/www.associationafmi.com\/fr\/#website","url":"https:\/\/www.associationafmi.com\/fr\/","name":"Association des Amis Fran\u00e7ais du Mus\u00e9e d&#039;Isra\u00ebll","description":"AFMI I Amis Fran\u00e7ais du Mus\u00e9e d&#039;Isra\u00ebl","potentialAction":[{"@type":"SearchAction","target":{"@type":"EntryPoint","urlTemplate":"https:\/\/www.associationafmi.com\/fr\/?s={search_term_string}"},"query-input":{"@type":"PropertyValueSpecification","valueRequired":true,"valueName":"search_term_string"}}],"inLanguage":"fr-FR"}]}},"_links":{"self":[{"href":"https:\/\/www.associationafmi.com\/fr\/wp-json\/wp\/v2\/pages\/1643","targetHints":{"allow":["GET"]}}],"collection":[{"href":"https:\/\/www.associationafmi.com\/fr\/wp-json\/wp\/v2\/pages"}],"about":[{"href":"https:\/\/www.associationafmi.com\/fr\/wp-json\/wp\/v2\/types\/page"}],"author":[{"embeddable":true,"href":"https:\/\/www.associationafmi.com\/fr\/wp-json\/wp\/v2\/users\/1"}],"replies":[{"embeddable":true,"href":"https:\/\/www.associationafmi.com\/fr\/wp-json\/wp\/v2\/comments?post=1643"}],"version-history":[{"count":0,"href":"https:\/\/www.associationafmi.com\/fr\/wp-json\/wp\/v2\/pages\/1643\/revisions"}],"wp:featuredmedia":[{"embeddable":true,"href":"https:\/\/www.associationafmi.com\/fr\/wp-json\/wp\/v2\/media\/1790"}],"wp:attachment":[{"href":"https:\/\/www.associationafmi.com\/fr\/wp-json\/wp\/v2\/media?parent=1643"}],"curies":[{"name":"wp","href":"https:\/\/api.w.org\/{rel}","templated":true}]}}