{"id":1869,"date":"2018-06-11T10:54:24","date_gmt":"2018-06-11T08:54:24","guid":{"rendered":"https:\/\/www.associationafmi.com\/?page_id=1869"},"modified":"2023-01-17T18:54:36","modified_gmt":"2023-01-17T17:54:36","slug":"plan-site","status":"publish","type":"page","link":"https:\/\/www.associationafmi.com\/fr\/plan-site\/","title":{"rendered":"plan-site"},"content":{"rendered":"<div class=\"wpb-content-wrapper\"><p>[vc_row dfd_row_responsive_enable=\u00a0\u00bbdfd-row-responsive-enable\u00a0\u00bb css=\u00a0\u00bb.vc_custom_1528705555786{padding-right: 300px !important;padding-left: 300px !important;}\u00a0\u00bb responsive_styles=\u00a0\u00bbpadding_left_mobile:10|padding_right_mobile:10&Prime;][vc_column css=\u00a0\u00bb.vc_custom_1527582087916{padding-top: 50px !important;padding-bottom: 50px !important;}\u00a0\u00bb col_shadow=\u00a0\u00bbbox_shadow_enable:disable|shadow_horizontal:0|shadow_vertical:15|shadow_blur:50|shadow_spread:0|box_shadow_color:rgba(0%2C0%2C0%2C0.35)\u00a0\u00bb col_shadow_hover=\u00a0\u00bbbox_shadow_enable:disable|shadow_horizontal:0|shadow_vertical:15|shadow_blur:50|shadow_spread:0|box_shadow_color:rgba(0%2C0%2C0%2C0.35)\u00a0\u00bb][dfd_heading subtitle=\u00a0\u00bb\u00a0\u00bb enable_delimiter=\u00a0\u00bb\u00a0\u00bb undefined=\u00a0\u00bb\u00a0\u00bb title_font_options=\u00a0\u00bbtag:h1|font_size:30|line_height:35|letter_spacing:1&Prime; subtitle_font_options=\u00a0\u00bbtag:div\u00a0\u00bb]Plan du site de l&rsquo;AFMI[\/dfd_heading][\/vc_column][\/vc_row][vc_row dfd_row_responsive_enable=\u00a0\u00bbdfd-row-responsive-enable\u00a0\u00bb css=\u00a0\u00bb.vc_custom_1528705447753{padding-right: 200px !important;padding-left: 200px !important;}\u00a0\u00bb responsive_styles=\u00a0\u00bbpadding_left_mobile:10|padding_right_mobile:10&Prime;][vc_column][vc_column_text]<\/p>\n<ul class=\"wsp-pages-list\">\n<li class=\"page_item page-item-1830\"><a href=\"https:\/\/www.associationafmi.com\/fr\/informations-legales\/\">informations l\u00e9gales<\/a><\/li>\n<li class=\"page_item page-item-1643\"><a href=\"https:\/\/www.associationafmi.com\/fr\/\">Les Amis Fran\u00e7ais du Mus\u00e9e d\u2019Isra\u00ebl I FR<\/a><\/li>\n<li class=\"page_item page-item-1869 current_page_item\"><a href=\"https:\/\/www.associationafmi.com\/fr\/plan-site\/\">plan-site<\/a><\/li>\n<li class=\"page_item page-item-7\"><a href=\"https:\/\/www.associationafmi.com\/fr\/index\/\">Site de l\u2019Association des Amis Fran\u00e7ais du Mus\u00e9e d\u2019Isra\u00ebl<\/a><\/li>\n<li class=\"page_item page-item-102\"><a href=\"https:\/\/www.associationafmi.com\/fr\/amis-musee-international\/\">Les Amis du Mus\u00e9e dans le Monde<\/a><\/li>\n<li class=\"page_item page-item-502\"><a href=\"https:\/\/www.associationafmi.com\/fr\/partenaires\/\">Partenaires<\/a><\/li>\n<li class=\"page_item page-item-28\"><a href=\"https:\/\/www.associationafmi.com\/fr\/amis-francais-musee-israel\/\">A propos des Amis Fran\u00e7ais du Mus\u00e9e d\u2019Isra\u00ebl<\/a><\/li>\n<li class=\"page_item page-item-283 page_item_has_children\"><a href=\"https:\/\/www.associationafmi.com\/fr\/gala\/\">Les galas de l\u2019AFMI<\/a>\n<ul class=\"children\">\n<li class=\"page_item page-item-485\"><a href=\"https:\/\/www.associationafmi.com\/fr\/gala\/gala-2009-espace-cambon\/\">Gala 2009 Espace Cambon<\/a><\/li>\n<li class=\"page_item page-item-473\"><a href=\"https:\/\/www.associationafmi.com\/fr\/gala\/gala-2010-beaux-arts\/\">Gala 2010 Ecole des Beaux-Arts<\/a><\/li>\n<li class=\"page_item page-item-1265\"><a href=\"https:\/\/www.associationafmi.com\/fr\/gala\/gala-2013\/\">Gala 2013 \u00e0 l\u2019Espace Cambon<\/a><\/li>\n<li class=\"page_item page-item-1915\"><a href=\"https:\/\/www.associationafmi.com\/fr\/gala\/gala-2013-au-pavillon-cambon\/\">Gala 2013 au Pavillon Cambon<\/a><\/li>\n<li class=\"page_item page-item-1993\"><a href=\"https:\/\/www.associationafmi.com\/fr\/gala\/gala-2014\/\">Gala 2014 \u2013 Mus\u00e9e des Arts D\u00e9coratifs<\/a><\/li>\n<li class=\"page_item page-item-2007\"><a href=\"https:\/\/www.associationafmi.com\/fr\/gala\/gala-2015\/\">Gala 2015 \u2013 Mus\u00e9e Picasso<\/a><\/li>\n<li class=\"page_item page-item-2027\"><a href=\"https:\/\/www.associationafmi.com\/fr\/gala\/gala-2017\/\">Gala 2015 \u2013 Mus\u00e9e Picasso<\/a><\/li>\n<li class=\"page_item page-item-2509\"><a href=\"https:\/\/www.associationafmi.com\/fr\/gala\/gala-2018\/\">Gala 2018 \u2013 Pavillon Gabriel<\/a><\/li>\n<li class=\"page_item page-item-290\"><a href=\"https:\/\/www.associationafmi.com\/fr\/gala\/gala-2007-palais-chaillot\/\">Gala 2007 Cit\u00e9 de l\u2019architecture et du patrimoine<\/a><\/li>\n<li class=\"page_item page-item-263\"><a href=\"https:\/\/www.associationafmi.com\/fr\/gala\/gala-2008-musee-louvre\/\">Gala 2008 Mus\u00e9e du Louvre<\/a><\/li>\n<li class=\"page_item page-item-143\"><a href=\"https:\/\/www.associationafmi.com\/fr\/gala\/gala-2011\/\">Gala 2011 \u00e0 l\u2019Automobile Club de France<\/a><\/li>\n<\/ul>\n<\/li>\n<li class=\"page_item page-item-1398\"><a href=\"https:\/\/www.associationafmi.com\/fr\/musee-israel-jerusalem\/\">Le Mus\u00e9e d\u2019Isra\u00ebl \u00e0 J\u00e9rusalem<\/a><\/li>\n<li class=\"page_item page-item-1400\"><a href=\"https:\/\/www.associationafmi.com\/fr\/comites\/\">Les comit\u00e9s de l\u2019AFMI<\/a><\/li>\n<li class=\"page_item page-item-30\"><a href=\"https:\/\/www.associationafmi.com\/fr\/acquisitions\/\">Les acquisitions des AFMI<\/a><\/li>\n<li class=\"page_item page-item-93\"><a href=\"https:\/\/www.associationafmi.com\/fr\/presse\/\">Revue de presse<\/a><\/li>\n<li class=\"page_item page-item-32\"><a href=\"https:\/\/www.associationafmi.com\/fr\/nous-soutenir\/\">Nous soutenir<\/a><\/li>\n<li class=\"page_item page-item-1399\"><a href=\"https:\/\/www.associationafmi.com\/fr\/contact\/\">Contact<\/a><\/li>\n<\/ul>\n<p>[\/vc_column_text][\/vc_column][\/vc_row]<\/p>\n<\/div>","protected":false},"excerpt":{"rendered":"<p>[vc_row dfd_row_responsive_enable=\u00a0\u00bbdfd-row-responsive-enable\u00a0\u00bb css=\u00a0\u00bb.vc_custom_1528705555786{padding-right: 300px !important;padding-left: 300px !important;}\u00a0\u00bb responsive_styles=\u00a0\u00bbpadding_left_mobile:10|padding_right_mobile:10&Prime;][vc_column css=\u00a0\u00bb.vc_custom_1527582087916{padding-top: 50px !important;padding-bottom: 50px !important;}\u00a0\u00bb col_shadow=\u00a0\u00bbbox_shadow_enable:disable|shadow_horizontal:0|shadow_vertical:15|shadow_blur:50|shadow_spread:0|box_shadow_color:rgba(0%2C0%2C0%2C0.35)\u00a0\u00bb col_shadow_hover=\u00a0\u00bbbox_shadow_enable:disable|shadow_horizontal:0|shadow_vertical:15|shadow_blur:50|shadow_spread:0|box_shadow_color:rgba(0%2C0%2C0%2C0.35)\u00a0\u00bb][dfd_heading subtitle=\u00a0\u00bb\u00a0\u00bb enable_delimiter=\u00a0\u00bb\u00a0\u00bb undefined=\u00a0\u00bb\u00a0\u00bb title_font_options=\u00a0\u00bbtag:h1|font_size:30|line_height:35|letter_spacing:1&Prime; subtitle_font_options=\u00a0\u00bbtag:div\u00a0\u00bb]Plan du site de l&rsquo;AFMI[\/dfd_heading][\/vc_column][\/vc_row][vc_row dfd_row_responsive_enable=\u00a0\u00bbdfd-row-responsive-enable\u00a0\u00bb css=\u00a0\u00bb.vc_custom_1528705447753{padding-right: 200px !important;padding-left: 200px !important;}\u00a0\u00bb<\/p>\n","protected":false},"author":1,"featured_media":0,"parent":0,"menu_order":0,"comment_status":"closed","ping_status":"closed","template":"","meta":{"footnotes":""},"class_list":["post-1869","page","type-page","status-publish","hentry"],"yoast_head":"<!-- This site is optimized with the Yoast SEO plugin v27.0 - https:\/\/yoast.com\/product\/yoast-seo-wordpress\/ -->\n<title>plan-site - Association des Amis Fran\u00e7ais du Mus\u00e9e d&#039;Isra\u00ebll<\/title>\n<meta name=\"robots\" content=\"index, follow, max-snippet:-1, max-image-preview:large, max-video-preview:-1\" \/>\n<link rel=\"canonical\" href=\"https:\/\/www.associationafmi.com\/fr\/plan-site\/\" \/>\n<meta property=\"og:locale\" content=\"fr_FR\" \/>\n<meta property=\"og:type\" content=\"article\" \/>\n<meta property=\"og:title\" content=\"plan-site - Association des Amis Fran\u00e7ais du Mus\u00e9e d&#039;Isra\u00ebll\" \/>\n<meta property=\"og:description\" content=\"[vc_row dfd_row_responsive_enable=\u00a0\u00bbdfd-row-responsive-enable\u00a0\u00bb css=\u00a0\u00bb.vc_custom_1528705555786{padding-right: 300px !important;padding-left: 300px !important;}\u00a0\u00bb responsive_styles=\u00a0\u00bbpadding_left_mobile:10|padding_right_mobile:10&Prime;][vc_column css=\u00a0\u00bb.vc_custom_1527582087916{padding-top: 50px !important;padding-bottom: 50px !important;}\u00a0\u00bb col_shadow=\u00a0\u00bbbox_shadow_enable:disable|shadow_horizontal:0|shadow_vertical:15|shadow_blur:50|shadow_spread:0|box_shadow_color:rgba(0%2C0%2C0%2C0.35)\u00a0\u00bb col_shadow_hover=\u00a0\u00bbbox_shadow_enable:disable|shadow_horizontal:0|shadow_vertical:15|shadow_blur:50|shadow_spread:0|box_shadow_color:rgba(0%2C0%2C0%2C0.35)\u00a0\u00bb][dfd_heading subtitle=\u00a0\u00bb\u00a0\u00bb enable_delimiter=\u00a0\u00bb\u00a0\u00bb undefined=\u00a0\u00bb\u00a0\u00bb title_font_options=\u00a0\u00bbtag:h1|font_size:30|line_height:35|letter_spacing:1&Prime; subtitle_font_options=\u00a0\u00bbtag:div\u00a0\u00bb]Plan du site de l&rsquo;AFMI[\/dfd_heading][\/vc_column][\/vc_row][vc_row dfd_row_responsive_enable=\u00a0\u00bbdfd-row-responsive-enable\u00a0\u00bb css=\u00a0\u00bb.vc_custom_1528705447753{padding-right: 200px !important;padding-left: 200px !important;}\u00a0\u00bb\" \/>\n<meta property=\"og:url\" content=\"https:\/\/www.associationafmi.com\/fr\/plan-site\/\" \/>\n<meta property=\"og:site_name\" content=\"Association des Amis Fran\u00e7ais du Mus\u00e9e d&#039;Isra\u00ebll\" \/>\n<meta property=\"article:modified_time\" content=\"2023-01-17T17:54:36+00:00\" \/>\n<meta name=\"twitter:card\" content=\"summary_large_image\" \/>\n<meta name=\"twitter:label1\" content=\"Dur\u00e9e de lecture estim\u00e9e\" \/>\n\t<meta name=\"twitter:data1\" content=\"1 minute\" \/>\n<script type=\"application\/ld+json\" class=\"yoast-schema-graph\">{\"@context\":\"https:\/\/schema.org\",\"@graph\":[{\"@type\":\"WebPage\",\"@id\":\"https:\/\/www.associationafmi.com\/fr\/plan-site\/\",\"url\":\"https:\/\/www.associationafmi.com\/fr\/plan-site\/\",\"name\":\"plan-site - Association des Amis Fran\u00e7ais du Mus\u00e9e d&#039;Isra\u00ebll\",\"isPartOf\":{\"@id\":\"https:\/\/www.associationafmi.com\/fr\/#website\"},\"datePublished\":\"2018-06-11T08:54:24+00:00\",\"dateModified\":\"2023-01-17T17:54:36+00:00\",\"breadcrumb\":{\"@id\":\"https:\/\/www.associationafmi.com\/fr\/plan-site\/#breadcrumb\"},\"inLanguage\":\"fr-FR\",\"potentialAction\":[{\"@type\":\"ReadAction\",\"target\":[\"https:\/\/www.associationafmi.com\/fr\/plan-site\/\"]}]},{\"@type\":\"BreadcrumbList\",\"@id\":\"https:\/\/www.associationafmi.com\/fr\/plan-site\/#breadcrumb\",\"itemListElement\":[{\"@type\":\"ListItem\",\"position\":1,\"name\":\"Accueil\",\"item\":\"https:\/\/www.associationafmi.com\/fr\/\"},{\"@type\":\"ListItem\",\"position\":2,\"name\":\"plan-site\"}]},{\"@type\":\"WebSite\",\"@id\":\"https:\/\/www.associationafmi.com\/fr\/#website\",\"url\":\"https:\/\/www.associationafmi.com\/fr\/\",\"name\":\"Association des Amis Fran\u00e7ais du Mus\u00e9e d&#039;Isra\u00ebll\",\"description\":\"AFMI I Amis Fran\u00e7ais du Mus\u00e9e d&#039;Isra\u00ebl\",\"potentialAction\":[{\"@type\":\"SearchAction\",\"target\":{\"@type\":\"EntryPoint\",\"urlTemplate\":\"https:\/\/www.associationafmi.com\/fr\/?s={search_term_string}\"},\"query-input\":{\"@type\":\"PropertyValueSpecification\",\"valueRequired\":true,\"valueName\":\"search_term_string\"}}],\"inLanguage\":\"fr-FR\"}]}<\/script>\n<!-- \/ Yoast SEO plugin. -->","yoast_head_json":{"title":"plan-site - Association des Amis Fran\u00e7ais du Mus\u00e9e d&#039;Isra\u00ebll","robots":{"index":"index","follow":"follow","max-snippet":"max-snippet:-1","max-image-preview":"max-image-preview:large","max-video-preview":"max-video-preview:-1"},"canonical":"https:\/\/www.associationafmi.com\/fr\/plan-site\/","og_locale":"fr_FR","og_type":"article","og_title":"plan-site - Association des Amis Fran\u00e7ais du Mus\u00e9e d&#039;Isra\u00ebll","og_description":"[vc_row dfd_row_responsive_enable=\u00a0\u00bbdfd-row-responsive-enable\u00a0\u00bb css=\u00a0\u00bb.vc_custom_1528705555786{padding-right: 300px !important;padding-left: 300px !important;}\u00a0\u00bb responsive_styles=\u00a0\u00bbpadding_left_mobile:10|padding_right_mobile:10&Prime;][vc_column css=\u00a0\u00bb.vc_custom_1527582087916{padding-top: 50px !important;padding-bottom: 50px !important;}\u00a0\u00bb col_shadow=\u00a0\u00bbbox_shadow_enable:disable|shadow_horizontal:0|shadow_vertical:15|shadow_blur:50|shadow_spread:0|box_shadow_color:rgba(0%2C0%2C0%2C0.35)\u00a0\u00bb col_shadow_hover=\u00a0\u00bbbox_shadow_enable:disable|shadow_horizontal:0|shadow_vertical:15|shadow_blur:50|shadow_spread:0|box_shadow_color:rgba(0%2C0%2C0%2C0.35)\u00a0\u00bb][dfd_heading subtitle=\u00a0\u00bb\u00a0\u00bb enable_delimiter=\u00a0\u00bb\u00a0\u00bb undefined=\u00a0\u00bb\u00a0\u00bb title_font_options=\u00a0\u00bbtag:h1|font_size:30|line_height:35|letter_spacing:1&Prime; subtitle_font_options=\u00a0\u00bbtag:div\u00a0\u00bb]Plan du site de l&rsquo;AFMI[\/dfd_heading][\/vc_column][\/vc_row][vc_row dfd_row_responsive_enable=\u00a0\u00bbdfd-row-responsive-enable\u00a0\u00bb css=\u00a0\u00bb.vc_custom_1528705447753{padding-right: 200px !important;padding-left: 200px !important;}\u00a0\u00bb","og_url":"https:\/\/www.associationafmi.com\/fr\/plan-site\/","og_site_name":"Association des Amis Fran\u00e7ais du Mus\u00e9e d&#039;Isra\u00ebll","article_modified_time":"2023-01-17T17:54:36+00:00","twitter_card":"summary_large_image","twitter_misc":{"Dur\u00e9e de lecture estim\u00e9e":"1 minute"},"schema":{"@context":"https:\/\/schema.org","@graph":[{"@type":"WebPage","@id":"https:\/\/www.associationafmi.com\/fr\/plan-site\/","url":"https:\/\/www.associationafmi.com\/fr\/plan-site\/","name":"plan-site - Association des Amis Fran\u00e7ais du Mus\u00e9e d&#039;Isra\u00ebll","isPartOf":{"@id":"https:\/\/www.associationafmi.com\/fr\/#website"},"datePublished":"2018-06-11T08:54:24+00:00","dateModified":"2023-01-17T17:54:36+00:00","breadcrumb":{"@id":"https:\/\/www.associationafmi.com\/fr\/plan-site\/#breadcrumb"},"inLanguage":"fr-FR","potentialAction":[{"@type":"ReadAction","target":["https:\/\/www.associationafmi.com\/fr\/plan-site\/"]}]},{"@type":"BreadcrumbList","@id":"https:\/\/www.associationafmi.com\/fr\/plan-site\/#breadcrumb","itemListElement":[{"@type":"ListItem","position":1,"name":"Accueil","item":"https:\/\/www.associationafmi.com\/fr\/"},{"@type":"ListItem","position":2,"name":"plan-site"}]},{"@type":"WebSite","@id":"https:\/\/www.associationafmi.com\/fr\/#website","url":"https:\/\/www.associationafmi.com\/fr\/","name":"Association des Amis Fran\u00e7ais du Mus\u00e9e d&#039;Isra\u00ebll","description":"AFMI I Amis Fran\u00e7ais du Mus\u00e9e d&#039;Isra\u00ebl","potentialAction":[{"@type":"SearchAction","target":{"@type":"EntryPoint","urlTemplate":"https:\/\/www.associationafmi.com\/fr\/?s={search_term_string}"},"query-input":{"@type":"PropertyValueSpecification","valueRequired":true,"valueName":"search_term_string"}}],"inLanguage":"fr-FR"}]}},"_links":{"self":[{"href":"https:\/\/www.associationafmi.com\/fr\/wp-json\/wp\/v2\/pages\/1869","targetHints":{"allow":["GET"]}}],"collection":[{"href":"https:\/\/www.associationafmi.com\/fr\/wp-json\/wp\/v2\/pages"}],"about":[{"href":"https:\/\/www.associationafmi.com\/fr\/wp-json\/wp\/v2\/types\/page"}],"author":[{"embeddable":true,"href":"https:\/\/www.associationafmi.com\/fr\/wp-json\/wp\/v2\/users\/1"}],"replies":[{"embeddable":true,"href":"https:\/\/www.associationafmi.com\/fr\/wp-json\/wp\/v2\/comments?post=1869"}],"version-history":[{"count":0,"href":"https:\/\/www.associationafmi.com\/fr\/wp-json\/wp\/v2\/pages\/1869\/revisions"}],"wp:attachment":[{"href":"https:\/\/www.associationafmi.com\/fr\/wp-json\/wp\/v2\/media?parent=1869"}],"curies":[{"name":"wp","href":"https:\/\/api.w.org\/{rel}","templated":true}]}}