{"id":2549,"date":"2023-01-20T16:34:01","date_gmt":"2023-01-20T15:34:01","guid":{"rendered":"https:\/\/www.associationafmi.com\/?page_id=2549"},"modified":"2023-01-20T16:43:35","modified_gmt":"2023-01-20T15:43:35","slug":"gala-2022","status":"publish","type":"page","link":"https:\/\/www.associationafmi.com\/fr\/gala\/gala-2022\/","title":{"rendered":"Gala 2022 Pavillon Vend\u00f4me"},"content":{"rendered":"<div class=\"wpb-content-wrapper\"><p>[vc_row dfd_row_responsive_enable=\u00a0\u00bbdfd-row-responsive-enable\u00a0\u00bb css=\u00a0\u00bb.vc_custom_1528705555786{padding-right: 300px !important;padding-left: 300px !important;}\u00a0\u00bb responsive_styles=\u00a0\u00bbpadding_left_mobile:10|padding_right_mobile:10&Prime;][vc_column css=\u00a0\u00bb.vc_custom_1527582087916{padding-top: 50px !important;padding-bottom: 50px !important;}\u00a0\u00bb col_shadow=\u00a0\u00bbbox_shadow_enable:disable|shadow_horizontal:0|shadow_vertical:15|shadow_blur:50|shadow_spread:0|box_shadow_color:rgba(0%2C0%2C0%2C0.35)\u00a0\u00bb col_shadow_hover=\u00a0\u00bbbox_shadow_enable:disable|shadow_horizontal:0|shadow_vertical:15|shadow_blur:50|shadow_spread:0|box_shadow_color:rgba(0%2C0%2C0%2C0.35)\u00a0\u00bb][dfd_heading subtitle=\u00a0\u00bb\u00a0\u00bb enable_delimiter=\u00a0\u00bb\u00a0\u00bb undefined=\u00a0\u00bb\u00a0\u00bb title_font_options=\u00a0\u00bbtag:h1|font_size:30|line_height:35|letter_spacing:1&Prime; subtitle_font_options=\u00a0\u00bbtag:div\u00a0\u00bb]Soir\u00e9e de Gala Mars 2022[\/dfd_heading][\/vc_column][\/vc_row][vc_row dfd_row_responsive_enable=\u00a0\u00bbdfd-row-responsive-enable\u00a0\u00bb css=\u00a0\u00bb.vc_custom_1528705447753{padding-right: 200px !important;padding-left: 200px !important;}\u00a0\u00bb responsive_styles=\u00a0\u00bbpadding_left_mobile:10|padding_right_mobile:10&Prime;][vc_column width=\u00a0\u00bb2\/3&Prime;][vc_column_text]<\/p>\n<h2>Lors de la Soir\u00e9e de Gala au Pavillon Vend\u00f4me en Mars 2022 les Amis Francais ont r\u00e9uni plus de 250 convives.<\/h2>\n<p>La Soir\u00e9e plac\u00e9e au b\u00e9n\u00e9fice de la Youth Wing du Mus\u00e9e D&rsquo;Isra\u00ebl a permis de r\u00e9unir les fonds pour ouvrir 3 classes d\u2019acc\u00e8s \u00e0 l\u2019education pour les enfants au Mus\u00e9e d\u2019Israel . Cette nouvelle mise en place a pu voir le jour gr\u00e2ce \u00e0 la g\u00e9n\u00e9rosit\u00e9 de toutes galeries pr\u00e9sentes \u00e0 nos cot\u00e9s ainsi que les cabinet d&rsquo;investissements, cabinet d\u2019avocats et la Maison L\u2019Or\u00e9al qui font tous aujourd\u2019hui partie de nos fid\u00e8les.<\/p>\n<p>&nbsp;<\/p>\n<p>[\/vc_column_text][vc_column_text]<img loading=\"lazy\" decoding=\"async\" class=\"alignnone size-large wp-image-2550 aligncenter\" src=\"https:\/\/www.associationafmi.com\/amis-france-musee-israel\/2023\/01\/AR2I8348-1024x682.jpeg\" alt=\"\" width=\"1024\" height=\"682\" srcset=\"https:\/\/www.associationafmi.com\/amis-france-musee-israel\/2023\/01\/AR2I8348-1024x682.jpeg 1024w, https:\/\/www.associationafmi.com\/amis-france-musee-israel\/2023\/01\/AR2I8348-300x200.jpeg 300w, https:\/\/www.associationafmi.com\/amis-france-musee-israel\/2023\/01\/AR2I8348-768x512.jpeg 768w, https:\/\/www.associationafmi.com\/amis-france-musee-israel\/2023\/01\/AR2I8348.jpeg 1280w\" sizes=\"auto, (max-width: 1024px) 100vw, 1024px\" \/><img loading=\"lazy\" decoding=\"async\" class=\"alignnone size-large wp-image-2552 aligncenter\" src=\"https:\/\/www.associationafmi.com\/amis-france-musee-israel\/2023\/01\/AR2I8108-1024x682.jpeg\" alt=\"\" width=\"1024\" height=\"682\" srcset=\"https:\/\/www.associationafmi.com\/amis-france-musee-israel\/2023\/01\/AR2I8108-1024x682.jpeg 1024w, https:\/\/www.associationafmi.com\/amis-france-musee-israel\/2023\/01\/AR2I8108-300x200.jpeg 300w, https:\/\/www.associationafmi.com\/amis-france-musee-israel\/2023\/01\/AR2I8108-768x512.jpeg 768w, https:\/\/www.associationafmi.com\/amis-france-musee-israel\/2023\/01\/AR2I8108.jpeg 1280w\" sizes=\"auto, (max-width: 1024px) 100vw, 1024px\" \/><img loading=\"lazy\" decoding=\"async\" class=\"alignnone size-large wp-image-2554 aligncenter\" src=\"https:\/\/www.associationafmi.com\/amis-france-musee-israel\/2023\/01\/AR2I8357-1024x682.jpeg\" alt=\"\" width=\"1024\" height=\"682\" srcset=\"https:\/\/www.associationafmi.com\/amis-france-musee-israel\/2023\/01\/AR2I8357-1024x682.jpeg 1024w, https:\/\/www.associationafmi.com\/amis-france-musee-israel\/2023\/01\/AR2I8357-300x200.jpeg 300w, https:\/\/www.associationafmi.com\/amis-france-musee-israel\/2023\/01\/AR2I8357-768x512.jpeg 768w, https:\/\/www.associationafmi.com\/amis-france-musee-israel\/2023\/01\/AR2I8357.jpeg 1280w\" sizes=\"auto, (max-width: 1024px) 100vw, 1024px\" \/>[\/vc_column_text][vc_column_text]Notre prochaine Soir\u00e9e de Gala se tiendra Mercredi 29 Mars 2023 au Pavillon Cambon.<\/p>\n<p>R\u00e9servation aupr\u00e8s de contact@associationafmi.com &#x260e;&#xfe0f; 06 86 33 22 85[\/vc_column_text][vc_column_text]<img loading=\"lazy\" decoding=\"async\" class=\"alignnone size-large wp-image-2558 aligncenter\" src=\"https:\/\/www.associationafmi.com\/amis-france-musee-israel\/2023\/01\/Capture-decran-2023-01-20-a-16.30.20-1024x723.png\" alt=\"\" width=\"1024\" height=\"723\" srcset=\"https:\/\/www.associationafmi.com\/amis-france-musee-israel\/2023\/01\/Capture-decran-2023-01-20-a-16.30.20-1024x723.png 1024w, https:\/\/www.associationafmi.com\/amis-france-musee-israel\/2023\/01\/Capture-decran-2023-01-20-a-16.30.20-300x212.png 300w, https:\/\/www.associationafmi.com\/amis-france-musee-israel\/2023\/01\/Capture-decran-2023-01-20-a-16.30.20-768x543.png 768w, https:\/\/www.associationafmi.com\/amis-france-musee-israel\/2023\/01\/Capture-decran-2023-01-20-a-16.30.20.png 1458w\" sizes=\"auto, (max-width: 1024px) 100vw, 1024px\" \/><img loading=\"lazy\" decoding=\"async\" class=\"alignnone size-large wp-image-2560 aligncenter\" src=\"https:\/\/www.associationafmi.com\/amis-france-musee-israel\/2023\/01\/Capture-decran-2023-01-20-a-16.30.26-1024x717.png\" alt=\"\" width=\"1024\" height=\"717\" srcset=\"https:\/\/www.associationafmi.com\/amis-france-musee-israel\/2023\/01\/Capture-decran-2023-01-20-a-16.30.26-1024x717.png 1024w, https:\/\/www.associationafmi.com\/amis-france-musee-israel\/2023\/01\/Capture-decran-2023-01-20-a-16.30.26-300x210.png 300w, https:\/\/www.associationafmi.com\/amis-france-musee-israel\/2023\/01\/Capture-decran-2023-01-20-a-16.30.26-768x537.png 768w, https:\/\/www.associationafmi.com\/amis-france-musee-israel\/2023\/01\/Capture-decran-2023-01-20-a-16.30.26.png 1452w\" sizes=\"auto, (max-width: 1024px) 100vw, 1024px\" \/>[\/vc_column_text][\/vc_column][vc_column width=\u00a0\u00bb1\/3&Prime;][vc_wp_custommenu nav_menu=\u00a0\u00bb22&Prime;][\/vc_column][\/vc_row]<\/p>\n<\/div>","protected":false},"excerpt":{"rendered":"<p>[vc_row dfd_row_responsive_enable=\u00a0\u00bbdfd-row-responsive-enable\u00a0\u00bb css=\u00a0\u00bb.vc_custom_1528705555786{padding-right: 300px !important;padding-left: 300px !important;}\u00a0\u00bb responsive_styles=\u00a0\u00bbpadding_left_mobile:10|padding_right_mobile:10&Prime;][vc_column css=\u00a0\u00bb.vc_custom_1527582087916{padding-top: 50px !important;padding-bottom: 50px !important;}\u00a0\u00bb col_shadow=\u00a0\u00bbbox_shadow_enable:disable|shadow_horizontal:0|shadow_vertical:15|shadow_blur:50|shadow_spread:0|box_shadow_color:rgba(0%2C0%2C0%2C0.35)\u00a0\u00bb col_shadow_hover=\u00a0\u00bbbox_shadow_enable:disable|shadow_horizontal:0|shadow_vertical:15|shadow_blur:50|shadow_spread:0|box_shadow_color:rgba(0%2C0%2C0%2C0.35)\u00a0\u00bb][dfd_heading subtitle=\u00a0\u00bb\u00a0\u00bb enable_delimiter=\u00a0\u00bb\u00a0\u00bb undefined=\u00a0\u00bb\u00a0\u00bb title_font_options=\u00a0\u00bbtag:h1|font_size:30|line_height:35|letter_spacing:1&Prime; subtitle_font_options=\u00a0\u00bbtag:div\u00a0\u00bb]Soir\u00e9e de Gala Mars 2022[\/dfd_heading][\/vc_column][\/vc_row][vc_row dfd_row_responsive_enable=\u00a0\u00bbdfd-row-responsive-enable\u00a0\u00bb css=\u00a0\u00bb.vc_custom_1528705447753{padding-right: 200px !important;padding-left: 200px !important;}\u00a0\u00bb<\/p>\n","protected":false},"author":1,"featured_media":0,"parent":283,"menu_order":0,"comment_status":"closed","ping_status":"closed","template":"","meta":{"footnotes":""},"class_list":["post-2549","page","type-page","status-publish","hentry"],"yoast_head":"<!-- This site is optimized with the Yoast SEO plugin v27.0 - https:\/\/yoast.com\/product\/yoast-seo-wordpress\/ -->\n<title>Gala 2022 Pavillon Vend\u00f4me - Association des Amis Fran\u00e7ais du Mus\u00e9e d&#039;Isra\u00ebll<\/title>\n<meta name=\"robots\" content=\"index, follow, max-snippet:-1, max-image-preview:large, max-video-preview:-1\" \/>\n<link rel=\"canonical\" href=\"https:\/\/www.associationafmi.com\/fr\/gala\/gala-2022\/\" \/>\n<meta property=\"og:locale\" content=\"fr_FR\" \/>\n<meta property=\"og:type\" content=\"article\" \/>\n<meta property=\"og:title\" content=\"Gala 2022 Pavillon Vend\u00f4me - Association des Amis Fran\u00e7ais du Mus\u00e9e d&#039;Isra\u00ebll\" \/>\n<meta property=\"og:description\" content=\"[vc_row dfd_row_responsive_enable=\u00a0\u00bbdfd-row-responsive-enable\u00a0\u00bb css=\u00a0\u00bb.vc_custom_1528705555786{padding-right: 300px !important;padding-left: 300px !important;}\u00a0\u00bb responsive_styles=\u00a0\u00bbpadding_left_mobile:10|padding_right_mobile:10&Prime;][vc_column css=\u00a0\u00bb.vc_custom_1527582087916{padding-top: 50px !important;padding-bottom: 50px !important;}\u00a0\u00bb col_shadow=\u00a0\u00bbbox_shadow_enable:disable|shadow_horizontal:0|shadow_vertical:15|shadow_blur:50|shadow_spread:0|box_shadow_color:rgba(0%2C0%2C0%2C0.35)\u00a0\u00bb col_shadow_hover=\u00a0\u00bbbox_shadow_enable:disable|shadow_horizontal:0|shadow_vertical:15|shadow_blur:50|shadow_spread:0|box_shadow_color:rgba(0%2C0%2C0%2C0.35)\u00a0\u00bb][dfd_heading subtitle=\u00a0\u00bb\u00a0\u00bb enable_delimiter=\u00a0\u00bb\u00a0\u00bb undefined=\u00a0\u00bb\u00a0\u00bb title_font_options=\u00a0\u00bbtag:h1|font_size:30|line_height:35|letter_spacing:1&Prime; subtitle_font_options=\u00a0\u00bbtag:div\u00a0\u00bb]Soir\u00e9e de Gala Mars 2022[\/dfd_heading][\/vc_column][\/vc_row][vc_row dfd_row_responsive_enable=\u00a0\u00bbdfd-row-responsive-enable\u00a0\u00bb css=\u00a0\u00bb.vc_custom_1528705447753{padding-right: 200px !important;padding-left: 200px !important;}\u00a0\u00bb\" \/>\n<meta property=\"og:url\" content=\"https:\/\/www.associationafmi.com\/fr\/gala\/gala-2022\/\" \/>\n<meta property=\"og:site_name\" content=\"Association des Amis Fran\u00e7ais du Mus\u00e9e d&#039;Isra\u00ebll\" \/>\n<meta property=\"article:modified_time\" content=\"2023-01-20T15:43:35+00:00\" \/>\n<meta property=\"og:image\" content=\"https:\/\/www.associationafmi.com\/amis-france-musee-israel\/2023\/01\/AR2I8348-1024x682.jpeg\" \/>\n<meta name=\"twitter:card\" content=\"summary_large_image\" \/>\n<meta name=\"twitter:label1\" content=\"Dur\u00e9e de lecture estim\u00e9e\" \/>\n\t<meta name=\"twitter:data1\" content=\"2 minutes\" \/>\n<script type=\"application\/ld+json\" class=\"yoast-schema-graph\">{\"@context\":\"https:\/\/schema.org\",\"@graph\":[{\"@type\":\"WebPage\",\"@id\":\"https:\/\/www.associationafmi.com\/fr\/gala\/gala-2022\/\",\"url\":\"https:\/\/www.associationafmi.com\/fr\/gala\/gala-2022\/\",\"name\":\"Gala 2022 Pavillon Vend\u00f4me - Association des Amis Fran\u00e7ais du Mus\u00e9e d&#039;Isra\u00ebll\",\"isPartOf\":{\"@id\":\"https:\/\/www.associationafmi.com\/fr\/#website\"},\"primaryImageOfPage\":{\"@id\":\"https:\/\/www.associationafmi.com\/fr\/gala\/gala-2022\/#primaryimage\"},\"image\":{\"@id\":\"https:\/\/www.associationafmi.com\/fr\/gala\/gala-2022\/#primaryimage\"},\"thumbnailUrl\":\"https:\/\/www.associationafmi.com\/amis-france-musee-israel\/2023\/01\/AR2I8348-1024x682.jpeg\",\"datePublished\":\"2023-01-20T15:34:01+00:00\",\"dateModified\":\"2023-01-20T15:43:35+00:00\",\"breadcrumb\":{\"@id\":\"https:\/\/www.associationafmi.com\/fr\/gala\/gala-2022\/#breadcrumb\"},\"inLanguage\":\"fr-FR\",\"potentialAction\":[{\"@type\":\"ReadAction\",\"target\":[\"https:\/\/www.associationafmi.com\/fr\/gala\/gala-2022\/\"]}]},{\"@type\":\"ImageObject\",\"inLanguage\":\"fr-FR\",\"@id\":\"https:\/\/www.associationafmi.com\/fr\/gala\/gala-2022\/#primaryimage\",\"url\":\"https:\/\/www.associationafmi.com\/amis-france-musee-israel\/2023\/01\/AR2I8348-1024x682.jpeg\",\"contentUrl\":\"https:\/\/www.associationafmi.com\/amis-france-musee-israel\/2023\/01\/AR2I8348-1024x682.jpeg\"},{\"@type\":\"BreadcrumbList\",\"@id\":\"https:\/\/www.associationafmi.com\/fr\/gala\/gala-2022\/#breadcrumb\",\"itemListElement\":[{\"@type\":\"ListItem\",\"position\":1,\"name\":\"Accueil\",\"item\":\"https:\/\/www.associationafmi.com\/fr\/\"},{\"@type\":\"ListItem\",\"position\":2,\"name\":\"Les galas de l\u2019AFMI\",\"item\":\"https:\/\/www.associationafmi.com\/fr\/gala\/\"},{\"@type\":\"ListItem\",\"position\":3,\"name\":\"Gala 2022 Pavillon Vend\u00f4me\"}]},{\"@type\":\"WebSite\",\"@id\":\"https:\/\/www.associationafmi.com\/fr\/#website\",\"url\":\"https:\/\/www.associationafmi.com\/fr\/\",\"name\":\"Association des Amis Fran\u00e7ais du Mus\u00e9e d&#039;Isra\u00ebll\",\"description\":\"AFMI I Amis Fran\u00e7ais du Mus\u00e9e d&#039;Isra\u00ebl\",\"potentialAction\":[{\"@type\":\"SearchAction\",\"target\":{\"@type\":\"EntryPoint\",\"urlTemplate\":\"https:\/\/www.associationafmi.com\/fr\/?s={search_term_string}\"},\"query-input\":{\"@type\":\"PropertyValueSpecification\",\"valueRequired\":true,\"valueName\":\"search_term_string\"}}],\"inLanguage\":\"fr-FR\"}]}<\/script>\n<!-- \/ Yoast SEO plugin. -->","yoast_head_json":{"title":"Gala 2022 Pavillon Vend\u00f4me - Association des Amis Fran\u00e7ais du Mus\u00e9e d&#039;Isra\u00ebll","robots":{"index":"index","follow":"follow","max-snippet":"max-snippet:-1","max-image-preview":"max-image-preview:large","max-video-preview":"max-video-preview:-1"},"canonical":"https:\/\/www.associationafmi.com\/fr\/gala\/gala-2022\/","og_locale":"fr_FR","og_type":"article","og_title":"Gala 2022 Pavillon Vend\u00f4me - Association des Amis Fran\u00e7ais du Mus\u00e9e d&#039;Isra\u00ebll","og_description":"[vc_row dfd_row_responsive_enable=\u00a0\u00bbdfd-row-responsive-enable\u00a0\u00bb css=\u00a0\u00bb.vc_custom_1528705555786{padding-right: 300px !important;padding-left: 300px !important;}\u00a0\u00bb responsive_styles=\u00a0\u00bbpadding_left_mobile:10|padding_right_mobile:10&Prime;][vc_column css=\u00a0\u00bb.vc_custom_1527582087916{padding-top: 50px !important;padding-bottom: 50px !important;}\u00a0\u00bb col_shadow=\u00a0\u00bbbox_shadow_enable:disable|shadow_horizontal:0|shadow_vertical:15|shadow_blur:50|shadow_spread:0|box_shadow_color:rgba(0%2C0%2C0%2C0.35)\u00a0\u00bb col_shadow_hover=\u00a0\u00bbbox_shadow_enable:disable|shadow_horizontal:0|shadow_vertical:15|shadow_blur:50|shadow_spread:0|box_shadow_color:rgba(0%2C0%2C0%2C0.35)\u00a0\u00bb][dfd_heading subtitle=\u00a0\u00bb\u00a0\u00bb enable_delimiter=\u00a0\u00bb\u00a0\u00bb undefined=\u00a0\u00bb\u00a0\u00bb title_font_options=\u00a0\u00bbtag:h1|font_size:30|line_height:35|letter_spacing:1&Prime; subtitle_font_options=\u00a0\u00bbtag:div\u00a0\u00bb]Soir\u00e9e de Gala Mars 2022[\/dfd_heading][\/vc_column][\/vc_row][vc_row dfd_row_responsive_enable=\u00a0\u00bbdfd-row-responsive-enable\u00a0\u00bb css=\u00a0\u00bb.vc_custom_1528705447753{padding-right: 200px !important;padding-left: 200px !important;}\u00a0\u00bb","og_url":"https:\/\/www.associationafmi.com\/fr\/gala\/gala-2022\/","og_site_name":"Association des Amis Fran\u00e7ais du Mus\u00e9e d&#039;Isra\u00ebll","article_modified_time":"2023-01-20T15:43:35+00:00","og_image":[{"url":"https:\/\/www.associationafmi.com\/amis-france-musee-israel\/2023\/01\/AR2I8348-1024x682.jpeg","type":"","width":"","height":""}],"twitter_card":"summary_large_image","twitter_misc":{"Dur\u00e9e de lecture estim\u00e9e":"2 minutes"},"schema":{"@context":"https:\/\/schema.org","@graph":[{"@type":"WebPage","@id":"https:\/\/www.associationafmi.com\/fr\/gala\/gala-2022\/","url":"https:\/\/www.associationafmi.com\/fr\/gala\/gala-2022\/","name":"Gala 2022 Pavillon Vend\u00f4me - Association des Amis Fran\u00e7ais du Mus\u00e9e d&#039;Isra\u00ebll","isPartOf":{"@id":"https:\/\/www.associationafmi.com\/fr\/#website"},"primaryImageOfPage":{"@id":"https:\/\/www.associationafmi.com\/fr\/gala\/gala-2022\/#primaryimage"},"image":{"@id":"https:\/\/www.associationafmi.com\/fr\/gala\/gala-2022\/#primaryimage"},"thumbnailUrl":"https:\/\/www.associationafmi.com\/amis-france-musee-israel\/2023\/01\/AR2I8348-1024x682.jpeg","datePublished":"2023-01-20T15:34:01+00:00","dateModified":"2023-01-20T15:43:35+00:00","breadcrumb":{"@id":"https:\/\/www.associationafmi.com\/fr\/gala\/gala-2022\/#breadcrumb"},"inLanguage":"fr-FR","potentialAction":[{"@type":"ReadAction","target":["https:\/\/www.associationafmi.com\/fr\/gala\/gala-2022\/"]}]},{"@type":"ImageObject","inLanguage":"fr-FR","@id":"https:\/\/www.associationafmi.com\/fr\/gala\/gala-2022\/#primaryimage","url":"https:\/\/www.associationafmi.com\/amis-france-musee-israel\/2023\/01\/AR2I8348-1024x682.jpeg","contentUrl":"https:\/\/www.associationafmi.com\/amis-france-musee-israel\/2023\/01\/AR2I8348-1024x682.jpeg"},{"@type":"BreadcrumbList","@id":"https:\/\/www.associationafmi.com\/fr\/gala\/gala-2022\/#breadcrumb","itemListElement":[{"@type":"ListItem","position":1,"name":"Accueil","item":"https:\/\/www.associationafmi.com\/fr\/"},{"@type":"ListItem","position":2,"name":"Les galas de l\u2019AFMI","item":"https:\/\/www.associationafmi.com\/fr\/gala\/"},{"@type":"ListItem","position":3,"name":"Gala 2022 Pavillon Vend\u00f4me"}]},{"@type":"WebSite","@id":"https:\/\/www.associationafmi.com\/fr\/#website","url":"https:\/\/www.associationafmi.com\/fr\/","name":"Association des Amis Fran\u00e7ais du Mus\u00e9e d&#039;Isra\u00ebll","description":"AFMI I Amis Fran\u00e7ais du Mus\u00e9e d&#039;Isra\u00ebl","potentialAction":[{"@type":"SearchAction","target":{"@type":"EntryPoint","urlTemplate":"https:\/\/www.associationafmi.com\/fr\/?s={search_term_string}"},"query-input":{"@type":"PropertyValueSpecification","valueRequired":true,"valueName":"search_term_string"}}],"inLanguage":"fr-FR"}]}},"_links":{"self":[{"href":"https:\/\/www.associationafmi.com\/fr\/wp-json\/wp\/v2\/pages\/2549","targetHints":{"allow":["GET"]}}],"collection":[{"href":"https:\/\/www.associationafmi.com\/fr\/wp-json\/wp\/v2\/pages"}],"about":[{"href":"https:\/\/www.associationafmi.com\/fr\/wp-json\/wp\/v2\/types\/page"}],"author":[{"embeddable":true,"href":"https:\/\/www.associationafmi.com\/fr\/wp-json\/wp\/v2\/users\/1"}],"replies":[{"embeddable":true,"href":"https:\/\/www.associationafmi.com\/fr\/wp-json\/wp\/v2\/comments?post=2549"}],"version-history":[{"count":0,"href":"https:\/\/www.associationafmi.com\/fr\/wp-json\/wp\/v2\/pages\/2549\/revisions"}],"up":[{"embeddable":true,"href":"https:\/\/www.associationafmi.com\/fr\/wp-json\/wp\/v2\/pages\/283"}],"wp:attachment":[{"href":"https:\/\/www.associationafmi.com\/fr\/wp-json\/wp\/v2\/media?parent=2549"}],"curies":[{"name":"wp","href":"https:\/\/api.w.org\/{rel}","templated":true}]}}